{"id":721,"date":"2020-11-09T17:53:36","date_gmt":"2020-11-09T16:53:36","guid":{"rendered":"https:\/\/web.graphisme.pro\/Servaville\/?page_id=721"},"modified":"2020-11-29T09:42:48","modified_gmt":"2020-11-29T08:42:48","slug":"le-ssiad","status":"publish","type":"page","link":"https:\/\/web.graphisme.pro\/Servaville\/le-ssiad\/","title":{"rendered":"L&rsquo;AIPA"},"content":{"rendered":"\n<div class=\"wp-block-image\"><figure class=\"alignleft size-large is-resized\"><img loading=\"lazy\" decoding=\"async\" src=\"https:\/\/web.graphisme.pro\/Servaville\/wp-content\/uploads\/2020\/11\/ssiad.png\" alt=\"\" class=\"wp-image-813\" width=\"83\" height=\"132\"\/><\/figure><\/div>\n\n\n\n<p>L\u2019AIPA est une Association Intercommunale fond\u00e9e en 1980 pour le maintien \u00e0 domicile des Personnes Ag\u00e9es entre Seine et Bray et elle est r\u00e9gie par la loi du 1<sup>er<\/sup> juillet 1901 et le d\u00e9cret du 16 ao\u00fbt 1901 s\u2019y rapportant.<\/p>\n\n\n\n<p>L\u2019AIPA g\u00e8re un service de soins infirmiers \u00e0 domicile (SSIAD) pour personnes \u00e2g\u00e9es d\u00e9pendantes et personnes adultes handicap\u00e9es et couvre 36 communes repr\u00e9sentant pr\u00e8s de 45&nbsp;000 habitants.<\/p>\n\n\n\n<p>Son but est de retarder le plus possible l\u2019hospitalisation des malades, de les accueillir \u00e0 leur sortie d\u2019h\u00f4pital, de promouvoir et de coordonner toute initiative en faveur des personnes \u00e2g\u00e9es et ou en situation de handicap du secteur en mettant en \u0153uvre toute action, service ou \u00e9quipement de nature \u00e0 am\u00e9liorer le maintien des dites personnes \u00e0 leur domicile, d\u2019am\u00e9liorer leurs conditions de vie, de g\u00e9rer les dits services et \u00e9quipements.<\/p>\n\n\n\n<p><strong>L\u2019\u00e9quipe du SSIAD est compos\u00e9e d\u2019une directrice, d\u2019une infirmi\u00e8re coordinatrice, d\u2019une secr\u00e9taire comptable et de 11 aides-soignantes<\/strong><\/p>\n\n\n\n<p>Le SSIAD est situ\u00e9 116 rue Louis Pasteur 76160 DARNETAL et joignable par t\u00e9l\u00e9phone au 02.35.08.39.53 et par mail \u00e0 l\u2019adresse : <a href=\"mailto:bureau@aipa76.fr\"><em>bureau@aipa76.fr<\/em><\/a><\/p>\n\n\n\n<p><strong>Du Lundi au Jeudi\u00a0:  8 h 30 \u2013 13 h 30 et 14 h \u2013 17 h<\/strong><br><strong>Vendredi :\u00a0\u00a08 h 30 \u2013 13 h 30 et 14 h \u2013 16 h 30<\/strong><\/p>\n\n\n\n<p>Les aides-soignantes apportent des soins d\u2019hygi\u00e8ne et une aide quotidienne aux personnes \u00e2g\u00e9es ou en situation de handicap en fonction de leurs besoins (lever \u2013 toilette &#8211; habillage \u2026) sur prescription du m\u00e9decin traitant ou des m\u00e9decins prescripteurs \u00e0 leur sortie d\u2019hospitalisation des diff\u00e9rentes structures de soins.<\/p>\n\n\n\n<p>Une astreinte 24\/24 \u2013 7 jours\/7 est assur\u00e9e en alternance par la directrice et la coordinatrice assurant ainsi la continuit\u00e9 de service. Les soins sont pris en charge par l\u2019Assurance Maladie, dispens\u00e9s par des aides-soignants dirig\u00e9s sur le terrain par une Infirmi\u00e8re Coordinatrice sous l\u2019\u00e9gide de la Directrice. En ce qui concerne les soins infirmiers, le patient a le libre choix du cabinet d\u2019infirmiers lib\u00e9raux qui interviendra \u00e0 son domicile<\/p>\n\n\n\n<div class=\"wp-block-image is-style-rounded\"><figure class=\"aligncenter size-large is-resized\"><img loading=\"lazy\" decoding=\"async\" src=\"https:\/\/web.graphisme.pro\/Servaville\/wp-content\/uploads\/2020\/11\/ssiad.2.jpg\" alt=\"\" class=\"wp-image-814\" width=\"795\" height=\"212\" srcset=\"https:\/\/web.graphisme.pro\/Servaville\/wp-content\/uploads\/2020\/11\/ssiad.2.jpg 829w, https:\/\/web.graphisme.pro\/Servaville\/wp-content\/uploads\/2020\/11\/ssiad.2-300x80.jpg 300w, https:\/\/web.graphisme.pro\/Servaville\/wp-content\/uploads\/2020\/11\/ssiad.2-768x206.jpg 768w, https:\/\/web.graphisme.pro\/Servaville\/wp-content\/uploads\/2020\/11\/ssiad.2-140x37.jpg 140w\" sizes=\"(max-width: 795px) 100vw, 795px\" \/><\/figure><\/div>\n\n\n\n<p class=\"has-text-align-center has-black-color has-light-green-cyan-background-color has-text-color has-background\" style=\"font-size:clamp(15.197px, 0.95rem + ((1vw - 3.2px) * 0.813), 23px);px\">      <strong>Territoire couvert par le SSIAD de DARNETAL<\/strong><\/p>\n\n\n\n<div class=\"wp-block-image\"><figure class=\"aligncenter size-large is-resized\"><img loading=\"lazy\" decoding=\"async\" src=\"https:\/\/web.graphisme.pro\/Servaville\/wp-content\/uploads\/2020\/11\/ssiad3.png\" alt=\"\" class=\"wp-image-817\" width=\"998\" height=\"790\" srcset=\"https:\/\/web.graphisme.pro\/Servaville\/wp-content\/uploads\/2020\/11\/ssiad3.png 927w, https:\/\/web.graphisme.pro\/Servaville\/wp-content\/uploads\/2020\/11\/ssiad3-300x238.png 300w, https:\/\/web.graphisme.pro\/Servaville\/wp-content\/uploads\/2020\/11\/ssiad3-768x609.png 768w, https:\/\/web.graphisme.pro\/Servaville\/wp-content\/uploads\/2020\/11\/ssiad3-140x111.png 140w\" sizes=\"(max-width: 998px) 100vw, 998px\" \/><\/figure><\/div>\n","protected":false},"excerpt":{"rendered":"<p>L\u2019AIPA est une Association Intercommunale fond\u00e9e en 1980 pour le maintien \u00e0 domicile des Personnes Ag\u00e9es entre Seine et Bray et elle est r\u00e9gie par la loi du 1er juillet [&hellip;]<\/p>\n","protected":false},"author":1,"featured_media":0,"parent":0,"menu_order":0,"comment_status":"closed","ping_status":"closed","template":"","meta":{"_EventAllDay":false,"_EventTimezone":"","_EventStartDate":"","_EventEndDate":"","_EventStartDateUTC":"","_EventEndDateUTC":"","_EventShowMap":false,"_EventShowMapLink":false,"_EventURL":"","_EventCost":"","_EventCostDescription":"","_EventCurrencySymbol":"","_EventCurrencyCode":"","_EventCurrencyPosition":"","_EventDateTimeSeparator":"","_EventTimeRangeSeparator":"","_EventOrganizerID":[],"_EventVenueID":[],"_OrganizerEmail":"","_OrganizerPhone":"","_OrganizerWebsite":"","_VenueAddress":"","_VenueCity":"","_VenueCountry":"","_VenueProvince":"","_VenueState":"","_VenueZip":"","_VenuePhone":"","_VenueURL":"","_VenueStateProvince":"","_VenueLat":"","_VenueLng":"","_VenueShowMap":false,"_VenueShowMapLink":false,"footnotes":""},"yoast_head":"<!-- This site is optimized with the Yoast SEO plugin v22.6 - https:\/\/yoast.com\/wordpress\/plugins\/seo\/ -->\n<title>L&#039;AIPA - Mairie de Servaville-Salmonville<\/title>\n<meta name=\"robots\" content=\"index, follow, max-snippet:-1, max-image-preview:large, max-video-preview:-1\" \/>\n<link rel=\"canonical\" href=\"https:\/\/web.graphisme.pro\/Servaville\/le-ssiad\/\" \/>\n<meta property=\"og:locale\" content=\"fr_FR\" \/>\n<meta property=\"og:type\" content=\"article\" \/>\n<meta property=\"og:title\" content=\"L&#039;AIPA - Mairie de Servaville-Salmonville\" \/>\n<meta property=\"og:description\" content=\"L\u2019AIPA est une Association Intercommunale fond\u00e9e en 1980 pour le maintien \u00e0 domicile des Personnes Ag\u00e9es entre Seine et Bray et elle est r\u00e9gie par la loi du 1er juillet [&hellip;]\" \/>\n<meta property=\"og:url\" content=\"https:\/\/web.graphisme.pro\/Servaville\/le-ssiad\/\" \/>\n<meta property=\"og:site_name\" content=\"Mairie de Servaville-Salmonville\" \/>\n<meta property=\"article:modified_time\" content=\"2020-11-29T08:42:48+00:00\" \/>\n<meta property=\"og:image\" content=\"https:\/\/web.graphisme.pro\/Servaville\/wp-content\/uploads\/2020\/11\/ssiad.png\" \/>\n<meta name=\"twitter:card\" content=\"summary_large_image\" \/>\n<meta name=\"twitter:label1\" content=\"Dur\u00e9e de lecture estim\u00e9e\" \/>\n\t<meta name=\"twitter:data1\" content=\"2 minutes\" \/>\n<script type=\"application\/ld+json\" class=\"yoast-schema-graph\">{\"@context\":\"https:\/\/schema.org\",\"@graph\":[{\"@type\":\"WebPage\",\"@id\":\"https:\/\/web.graphisme.pro\/Servaville\/le-ssiad\/\",\"url\":\"https:\/\/web.graphisme.pro\/Servaville\/le-ssiad\/\",\"name\":\"L'AIPA - Mairie de Servaville-Salmonville\",\"isPartOf\":{\"@id\":\"https:\/\/web.graphisme.pro\/Servaville\/#website\"},\"primaryImageOfPage\":{\"@id\":\"https:\/\/web.graphisme.pro\/Servaville\/le-ssiad\/#primaryimage\"},\"image\":{\"@id\":\"https:\/\/web.graphisme.pro\/Servaville\/le-ssiad\/#primaryimage\"},\"thumbnailUrl\":\"https:\/\/web.graphisme.pro\/Servaville\/wp-content\/uploads\/2020\/11\/ssiad.png\",\"datePublished\":\"2020-11-09T16:53:36+00:00\",\"dateModified\":\"2020-11-29T08:42:48+00:00\",\"breadcrumb\":{\"@id\":\"https:\/\/web.graphisme.pro\/Servaville\/le-ssiad\/#breadcrumb\"},\"inLanguage\":\"fr-FR\",\"potentialAction\":[{\"@type\":\"ReadAction\",\"target\":[\"https:\/\/web.graphisme.pro\/Servaville\/le-ssiad\/\"]}]},{\"@type\":\"ImageObject\",\"inLanguage\":\"fr-FR\",\"@id\":\"https:\/\/web.graphisme.pro\/Servaville\/le-ssiad\/#primaryimage\",\"url\":\"https:\/\/web.graphisme.pro\/Servaville\/wp-content\/uploads\/2020\/11\/ssiad.png\",\"contentUrl\":\"https:\/\/web.graphisme.pro\/Servaville\/wp-content\/uploads\/2020\/11\/ssiad.png\",\"width\":110,\"height\":176},{\"@type\":\"BreadcrumbList\",\"@id\":\"https:\/\/web.graphisme.pro\/Servaville\/le-ssiad\/#breadcrumb\",\"itemListElement\":[{\"@type\":\"ListItem\",\"position\":1,\"name\":\"Accueil\",\"item\":\"https:\/\/web.graphisme.pro\/Servaville\/\"},{\"@type\":\"ListItem\",\"position\":2,\"name\":\"L&rsquo;AIPA\"}]},{\"@type\":\"WebSite\",\"@id\":\"https:\/\/web.graphisme.pro\/Servaville\/#website\",\"url\":\"https:\/\/web.graphisme.pro\/Servaville\/\",\"name\":\"Mairie de Servaville-Salmonville\",\"description\":\"Seine-Maritime Normandie\",\"publisher\":{\"@id\":\"https:\/\/web.graphisme.pro\/Servaville\/#organization\"},\"potentialAction\":[{\"@type\":\"SearchAction\",\"target\":{\"@type\":\"EntryPoint\",\"urlTemplate\":\"https:\/\/web.graphisme.pro\/Servaville\/?s={search_term_string}\"},\"query-input\":\"required name=search_term_string\"}],\"inLanguage\":\"fr-FR\"},{\"@type\":\"Organization\",\"@id\":\"https:\/\/web.graphisme.pro\/Servaville\/#organization\",\"name\":\"Mairie de Servaville-Salmonville\",\"url\":\"https:\/\/web.graphisme.pro\/Servaville\/\",\"logo\":{\"@type\":\"ImageObject\",\"inLanguage\":\"fr-FR\",\"@id\":\"https:\/\/web.graphisme.pro\/Servaville\/#\/schema\/logo\/image\/\",\"url\":\"https:\/\/web.graphisme.pro\/Servaville\/wp-content\/uploads\/2020\/08\/servaville_logo-e1598278648383.png\",\"contentUrl\":\"https:\/\/web.graphisme.pro\/Servaville\/wp-content\/uploads\/2020\/08\/servaville_logo-e1598278648383.png\",\"width\":300,\"height\":236,\"caption\":\"Mairie de Servaville-Salmonville\"},\"image\":{\"@id\":\"https:\/\/web.graphisme.pro\/Servaville\/#\/schema\/logo\/image\/\"},\"sameAs\":[\"https:\/\/fr.wikipedia.org\/wiki\/Servaville-Salmonville\"]}]}<\/script>\n<!-- \/ Yoast SEO plugin. -->","yoast_head_json":{"title":"L'AIPA - Mairie de Servaville-Salmonville","robots":{"index":"index","follow":"follow","max-snippet":"max-snippet:-1","max-image-preview":"max-image-preview:large","max-video-preview":"max-video-preview:-1"},"canonical":"https:\/\/web.graphisme.pro\/Servaville\/le-ssiad\/","og_locale":"fr_FR","og_type":"article","og_title":"L'AIPA - Mairie de Servaville-Salmonville","og_description":"L\u2019AIPA est une Association Intercommunale fond\u00e9e en 1980 pour le maintien \u00e0 domicile des Personnes Ag\u00e9es entre Seine et Bray et elle est r\u00e9gie par la loi du 1er juillet [&hellip;]","og_url":"https:\/\/web.graphisme.pro\/Servaville\/le-ssiad\/","og_site_name":"Mairie de Servaville-Salmonville","article_modified_time":"2020-11-29T08:42:48+00:00","og_image":[{"url":"https:\/\/web.graphisme.pro\/Servaville\/wp-content\/uploads\/2020\/11\/ssiad.png"}],"twitter_card":"summary_large_image","twitter_misc":{"Dur\u00e9e de lecture estim\u00e9e":"2 minutes"},"schema":{"@context":"https:\/\/schema.org","@graph":[{"@type":"WebPage","@id":"https:\/\/web.graphisme.pro\/Servaville\/le-ssiad\/","url":"https:\/\/web.graphisme.pro\/Servaville\/le-ssiad\/","name":"L'AIPA - Mairie de Servaville-Salmonville","isPartOf":{"@id":"https:\/\/web.graphisme.pro\/Servaville\/#website"},"primaryImageOfPage":{"@id":"https:\/\/web.graphisme.pro\/Servaville\/le-ssiad\/#primaryimage"},"image":{"@id":"https:\/\/web.graphisme.pro\/Servaville\/le-ssiad\/#primaryimage"},"thumbnailUrl":"https:\/\/web.graphisme.pro\/Servaville\/wp-content\/uploads\/2020\/11\/ssiad.png","datePublished":"2020-11-09T16:53:36+00:00","dateModified":"2020-11-29T08:42:48+00:00","breadcrumb":{"@id":"https:\/\/web.graphisme.pro\/Servaville\/le-ssiad\/#breadcrumb"},"inLanguage":"fr-FR","potentialAction":[{"@type":"ReadAction","target":["https:\/\/web.graphisme.pro\/Servaville\/le-ssiad\/"]}]},{"@type":"ImageObject","inLanguage":"fr-FR","@id":"https:\/\/web.graphisme.pro\/Servaville\/le-ssiad\/#primaryimage","url":"https:\/\/web.graphisme.pro\/Servaville\/wp-content\/uploads\/2020\/11\/ssiad.png","contentUrl":"https:\/\/web.graphisme.pro\/Servaville\/wp-content\/uploads\/2020\/11\/ssiad.png","width":110,"height":176},{"@type":"BreadcrumbList","@id":"https:\/\/web.graphisme.pro\/Servaville\/le-ssiad\/#breadcrumb","itemListElement":[{"@type":"ListItem","position":1,"name":"Accueil","item":"https:\/\/web.graphisme.pro\/Servaville\/"},{"@type":"ListItem","position":2,"name":"L&rsquo;AIPA"}]},{"@type":"WebSite","@id":"https:\/\/web.graphisme.pro\/Servaville\/#website","url":"https:\/\/web.graphisme.pro\/Servaville\/","name":"Mairie de Servaville-Salmonville","description":"Seine-Maritime Normandie","publisher":{"@id":"https:\/\/web.graphisme.pro\/Servaville\/#organization"},"potentialAction":[{"@type":"SearchAction","target":{"@type":"EntryPoint","urlTemplate":"https:\/\/web.graphisme.pro\/Servaville\/?s={search_term_string}"},"query-input":"required name=search_term_string"}],"inLanguage":"fr-FR"},{"@type":"Organization","@id":"https:\/\/web.graphisme.pro\/Servaville\/#organization","name":"Mairie de Servaville-Salmonville","url":"https:\/\/web.graphisme.pro\/Servaville\/","logo":{"@type":"ImageObject","inLanguage":"fr-FR","@id":"https:\/\/web.graphisme.pro\/Servaville\/#\/schema\/logo\/image\/","url":"https:\/\/web.graphisme.pro\/Servaville\/wp-content\/uploads\/2020\/08\/servaville_logo-e1598278648383.png","contentUrl":"https:\/\/web.graphisme.pro\/Servaville\/wp-content\/uploads\/2020\/08\/servaville_logo-e1598278648383.png","width":300,"height":236,"caption":"Mairie de Servaville-Salmonville"},"image":{"@id":"https:\/\/web.graphisme.pro\/Servaville\/#\/schema\/logo\/image\/"},"sameAs":["https:\/\/fr.wikipedia.org\/wiki\/Servaville-Salmonville"]}]}},"_links":{"self":[{"href":"https:\/\/web.graphisme.pro\/Servaville\/wp-json\/wp\/v2\/pages\/721"}],"collection":[{"href":"https:\/\/web.graphisme.pro\/Servaville\/wp-json\/wp\/v2\/pages"}],"about":[{"href":"https:\/\/web.graphisme.pro\/Servaville\/wp-json\/wp\/v2\/types\/page"}],"author":[{"embeddable":true,"href":"https:\/\/web.graphisme.pro\/Servaville\/wp-json\/wp\/v2\/users\/1"}],"replies":[{"embeddable":true,"href":"https:\/\/web.graphisme.pro\/Servaville\/wp-json\/wp\/v2\/comments?post=721"}],"version-history":[{"count":6,"href":"https:\/\/web.graphisme.pro\/Servaville\/wp-json\/wp\/v2\/pages\/721\/revisions"}],"predecessor-version":[{"id":1081,"href":"https:\/\/web.graphisme.pro\/Servaville\/wp-json\/wp\/v2\/pages\/721\/revisions\/1081"}],"wp:attachment":[{"href":"https:\/\/web.graphisme.pro\/Servaville\/wp-json\/wp\/v2\/media?parent=721"}],"curies":[{"name":"wp","href":"https:\/\/api.w.org\/{rel}","templated":true}]}}