{"id":57,"date":"2020-08-24T15:53:47","date_gmt":"2020-08-24T13:53:47","guid":{"rendered":"https:\/\/web.graphisme.pro\/Servaville\/?page_id=57"},"modified":"2022-09-10T09:20:27","modified_gmt":"2022-09-10T07:20:27","slug":"rpi-sivos","status":"publish","type":"page","link":"https:\/\/web.graphisme.pro\/Servaville\/rpi-sivos\/","title":{"rendered":"\u00c9cole"},"content":{"rendered":"\n<h2 class=\"wp-block-heading\" id=\"rpi-regroupement-pedagogique-intercommunal-et-sivos-syndicat-intercommunal-a-vocation-scolaire\">RPI (Regroupement P\u00e9dagogique Intercommunal) et <a rel=\"noreferrer noopener\" href=\"http:\/\/sivosmartainville.fr\" target=\"_blank\">SIVoS<\/a> (Syndicat Intercommunal \u00e0 Vocation Scolaire)<\/h2>\n\n\n\n<p>C&rsquo;est en 1972, \u00e0 l&rsquo;initiative des 3 directeurs d&rsquo;\u00e9cole et des 3 Maires que naquit notre RPI, regroupant les classes d&rsquo;Auzouville-Sur-Ry, Martainville-\u00c9preville et Servaville-Salmonville. C&rsquo;\u00e9tait le deuxi\u00e8me du D\u00e9partement. En m\u00eame temps se cr\u00e9ait le <a href=\"http:\/\/sivosmartainville.fr\" target=\"_blank\" rel=\"noreferrer noopener\">SIVOS<\/a>, Syndicat Intercommunal \u00e0 vocation scolaire dit de la R\u00e9gion de Martainville.<\/p>\n\n\n\n<p>Arr\u00eatons-nous l\u00e0 pour bien les distinguer l&rsquo;un de l&rsquo;autre.<\/p>\n\n\n\n<p><strong>Le Syndicat Intercommunal \u00e0 Vocation Scolaire ou <a href=\"http:\/\/sivosmartainville.fr\" target=\"_blank\" rel=\"noreferrer noopener\">SIVOS<\/a> <\/strong>est charg\u00e9 de l&rsquo;organisation et de la gestion financi\u00e8re des transports (cars de ramassage), des cantines et de la garderie. Son budget est essentiellement aliment\u00e9 par les participations financi\u00e8res des trois communes. La participation totale est de 358.574 \u20ac soit 147.552,37 \u20ac pour 2022 en ce qui concerne notre commune proprement dite. Il assure les salaires des personnels ainsi que les d\u00e9penses de fournitures scolaires.<\/p>\n\n\n\n<p>Chaque commune par contre a gard\u00e9 son ind\u00e9pendance en ce qui concerne les investissements (travaux sur b\u00e2timents, constructions).<\/p>\n\n\n\n<ul><li>Pr\u00e9sidente du SIVOS : Mme HUNKELER<\/li><li>Vice-Pr\u00e9sidents : Mme BERNSTEIN (Servaville), M. SAILLARD (Martainville), M. QUIESSE (AUZOUVILLE)<\/li><li>Secr\u00e9taire : Mme CONFOURIER (02.35.02.19.11)<\/li><\/ul>\n\n\n\n<div class=\"wp-block-group is-layout-flow wp-block-group-is-layout-flow\">\n<figure class=\"wp-block-image aligncenter size-large is-resized\"><a href=\"http:\/\/sivosmartainville.fr\/sivos\/?page_id=8\" target=\"_blank\" rel=\"noopener noreferrer\"><img loading=\"lazy\" decoding=\"async\" src=\"https:\/\/web.graphisme.pro\/Servaville\/wp-content\/uploads\/2020\/11\/cantine.jpg\" alt=\"\" class=\"wp-image-957\" width=\"268\" height=\"192\" srcset=\"https:\/\/web.graphisme.pro\/Servaville\/wp-content\/uploads\/2020\/11\/cantine.jpg 265w, https:\/\/web.graphisme.pro\/Servaville\/wp-content\/uploads\/2020\/11\/cantine-140x100.jpg 140w\" sizes=\"(max-width: 268px) 100vw, 268px\" \/><\/a><\/figure>\n<\/div>\n\n\n\n<p><strong>Le Regroupement P\u00e9dagogique Intercommunal ou RPI<\/strong> concerne la vie scolaire proprement dite. Alors que le SIVOS est du ressort des \u00e9lus, le RPI lui est le domaine des enseignants. \u00c0 eux la r\u00e9partition des cours, la mise en \u0153uvre des programmes et des projets d&rsquo;\u00e9cole, la p\u00e9dagogie, les Conseils d&rsquo;\u00e9cole, les relations avec les parents\u2026 Chaque directeur ou directrice est responsable de son \u00e9cole.<\/p>\n\n\n\n<div class=\"wp-block-group is-layout-flow wp-block-group-is-layout-flow\">\n<div class=\"wp-block-group is-layout-flow wp-block-group-is-layout-flow\">\n<div class=\"wp-block-group is-layout-flow wp-block-group-is-layout-flow\">\n<p>En cette ann\u00e9e scolaire 2022\/2023, le RPI accueille 260 \u00e9l\u00e8ves r\u00e9partis en 11 classes :<br>  &#8211; 4 classes \u00e0 Servaville-Salmonville avec 90 enfants,<br>  &#8211; 4 classes \u00e0 Martainville-\u00c9preville avec 94 enfants,<br>  &#8211; 3 classes \u00e0 Auzouville-sur-Ry avec 76 enfants.<br>119 \u00e9l\u00e8ves viennent de Servaville.<\/p>\n<\/div>\n<\/div>\n<\/div>\n\n\n\n<p><strong>L&rsquo;\u00e9cole de Servaville accueille :<\/strong><br>&#8211; La maternelle petite et moyenne section. Enseignante : Mme TURPIN (Directrice), d\u00e9charg\u00e9e par Mme GARAT le vendredi,<br>&#8211; La maternelle moyenne section. Enseignante : Mme LOISEL<br>&#8211; La maternelle petite et grande section. Enseignante : Mme CARR\u00c9<br>&#8211; La maternelle moyenne et grande section. Enseignante : Mme PAUL<\/p>\n\n\n\n<p><strong>L&rsquo;\u00e9cole de Martainville accueille :<\/strong><br>&#8211; Le CP  Enseignante : Mme LECASSE<br>&#8211; Le CP\/CE1. Enseignante : Mme CHADLI (Directrice), d\u00e9charg\u00e9e par Mme GARAT le lundi,<br>&#8211; Le CE2 Enseignante : Mme HENNEQUEZ<br>&#8211; Le CE1 Enseignante : Mme GL\u00dcCK<\/p>\n\n\n\n<p><strong>L&rsquo;\u00e9cole d&rsquo;Auzouville accueille :<\/strong><br>&#8211; Le CE2\/CM1  Enseignante : Mme SEHAKI.<br>&#8211; Le CM1\/CM2. Enseignante : Mme PETIT<br>&#8211; Le CM2. Enseignante : Mme MAERTEN (Directrice)<\/p>\n\n\n\n<p><\/p>\n","protected":false},"excerpt":{"rendered":"<p>RPI (Regroupement P\u00e9dagogique Intercommunal) et SIVoS (Syndicat Intercommunal \u00e0 Vocation Scolaire) C&rsquo;est en 1972, \u00e0 l&rsquo;initiative des 3 directeurs d&rsquo;\u00e9cole et des 3 Maires que naquit notre RPI, regroupant les [&hellip;]<\/p>\n","protected":false},"author":1,"featured_media":0,"parent":0,"menu_order":0,"comment_status":"closed","ping_status":"closed","template":"","meta":{"_EventAllDay":false,"_EventTimezone":"","_EventStartDate":"","_EventEndDate":"","_EventStartDateUTC":"","_EventEndDateUTC":"","_EventShowMap":false,"_EventShowMapLink":false,"_EventURL":"","_EventCost":"","_EventCostDescription":"","_EventCurrencySymbol":"","_EventCurrencyCode":"","_EventCurrencyPosition":"","_EventDateTimeSeparator":"","_EventTimeRangeSeparator":"","_EventOrganizerID":[],"_EventVenueID":[],"_OrganizerEmail":"","_OrganizerPhone":"","_OrganizerWebsite":"","_VenueAddress":"","_VenueCity":"","_VenueCountry":"","_VenueProvince":"","_VenueState":"","_VenueZip":"","_VenuePhone":"","_VenueURL":"","_VenueStateProvince":"","_VenueLat":"","_VenueLng":"","_VenueShowMap":false,"_VenueShowMapLink":false,"footnotes":""},"yoast_head":"<!-- This site is optimized with the Yoast SEO plugin v22.6 - https:\/\/yoast.com\/wordpress\/plugins\/seo\/ -->\n<title>\u00c9cole - Mairie de Servaville-Salmonville<\/title>\n<meta name=\"robots\" content=\"index, follow, max-snippet:-1, max-image-preview:large, max-video-preview:-1\" \/>\n<link rel=\"canonical\" href=\"https:\/\/web.graphisme.pro\/Servaville\/rpi-sivos\/\" \/>\n<meta property=\"og:locale\" content=\"fr_FR\" \/>\n<meta property=\"og:type\" content=\"article\" \/>\n<meta property=\"og:title\" content=\"\u00c9cole - Mairie de Servaville-Salmonville\" \/>\n<meta property=\"og:description\" content=\"RPI (Regroupement P\u00e9dagogique Intercommunal) et SIVoS (Syndicat Intercommunal \u00e0 Vocation Scolaire) C&rsquo;est en 1972, \u00e0 l&rsquo;initiative des 3 directeurs d&rsquo;\u00e9cole et des 3 Maires que naquit notre RPI, regroupant les [&hellip;]\" \/>\n<meta property=\"og:url\" content=\"https:\/\/web.graphisme.pro\/Servaville\/rpi-sivos\/\" \/>\n<meta property=\"og:site_name\" content=\"Mairie de Servaville-Salmonville\" \/>\n<meta property=\"article:modified_time\" content=\"2022-09-10T07:20:27+00:00\" \/>\n<meta property=\"og:image\" content=\"https:\/\/web.graphisme.pro\/Servaville\/wp-content\/uploads\/2020\/11\/cantine.jpg\" \/>\n<meta name=\"twitter:card\" content=\"summary_large_image\" \/>\n<meta name=\"twitter:label1\" content=\"Dur\u00e9e de lecture estim\u00e9e\" \/>\n\t<meta name=\"twitter:data1\" content=\"3 minutes\" \/>\n<script type=\"application\/ld+json\" class=\"yoast-schema-graph\">{\"@context\":\"https:\/\/schema.org\",\"@graph\":[{\"@type\":\"WebPage\",\"@id\":\"https:\/\/web.graphisme.pro\/Servaville\/rpi-sivos\/\",\"url\":\"https:\/\/web.graphisme.pro\/Servaville\/rpi-sivos\/\",\"name\":\"\u00c9cole - Mairie de Servaville-Salmonville\",\"isPartOf\":{\"@id\":\"https:\/\/web.graphisme.pro\/Servaville\/#website\"},\"primaryImageOfPage\":{\"@id\":\"https:\/\/web.graphisme.pro\/Servaville\/rpi-sivos\/#primaryimage\"},\"image\":{\"@id\":\"https:\/\/web.graphisme.pro\/Servaville\/rpi-sivos\/#primaryimage\"},\"thumbnailUrl\":\"https:\/\/web.graphisme.pro\/Servaville\/wp-content\/uploads\/2020\/11\/cantine.jpg\",\"datePublished\":\"2020-08-24T13:53:47+00:00\",\"dateModified\":\"2022-09-10T07:20:27+00:00\",\"breadcrumb\":{\"@id\":\"https:\/\/web.graphisme.pro\/Servaville\/rpi-sivos\/#breadcrumb\"},\"inLanguage\":\"fr-FR\",\"potentialAction\":[{\"@type\":\"ReadAction\",\"target\":[\"https:\/\/web.graphisme.pro\/Servaville\/rpi-sivos\/\"]}]},{\"@type\":\"ImageObject\",\"inLanguage\":\"fr-FR\",\"@id\":\"https:\/\/web.graphisme.pro\/Servaville\/rpi-sivos\/#primaryimage\",\"url\":\"https:\/\/web.graphisme.pro\/Servaville\/wp-content\/uploads\/2020\/11\/cantine.jpg\",\"contentUrl\":\"https:\/\/web.graphisme.pro\/Servaville\/wp-content\/uploads\/2020\/11\/cantine.jpg\",\"width\":265,\"height\":190},{\"@type\":\"BreadcrumbList\",\"@id\":\"https:\/\/web.graphisme.pro\/Servaville\/rpi-sivos\/#breadcrumb\",\"itemListElement\":[{\"@type\":\"ListItem\",\"position\":1,\"name\":\"Accueil\",\"item\":\"https:\/\/web.graphisme.pro\/Servaville\/\"},{\"@type\":\"ListItem\",\"position\":2,\"name\":\"\u00c9cole\"}]},{\"@type\":\"WebSite\",\"@id\":\"https:\/\/web.graphisme.pro\/Servaville\/#website\",\"url\":\"https:\/\/web.graphisme.pro\/Servaville\/\",\"name\":\"Mairie de Servaville-Salmonville\",\"description\":\"Seine-Maritime Normandie\",\"publisher\":{\"@id\":\"https:\/\/web.graphisme.pro\/Servaville\/#organization\"},\"potentialAction\":[{\"@type\":\"SearchAction\",\"target\":{\"@type\":\"EntryPoint\",\"urlTemplate\":\"https:\/\/web.graphisme.pro\/Servaville\/?s={search_term_string}\"},\"query-input\":\"required name=search_term_string\"}],\"inLanguage\":\"fr-FR\"},{\"@type\":\"Organization\",\"@id\":\"https:\/\/web.graphisme.pro\/Servaville\/#organization\",\"name\":\"Mairie de Servaville-Salmonville\",\"url\":\"https:\/\/web.graphisme.pro\/Servaville\/\",\"logo\":{\"@type\":\"ImageObject\",\"inLanguage\":\"fr-FR\",\"@id\":\"https:\/\/web.graphisme.pro\/Servaville\/#\/schema\/logo\/image\/\",\"url\":\"https:\/\/web.graphisme.pro\/Servaville\/wp-content\/uploads\/2020\/08\/servaville_logo-e1598278648383.png\",\"contentUrl\":\"https:\/\/web.graphisme.pro\/Servaville\/wp-content\/uploads\/2020\/08\/servaville_logo-e1598278648383.png\",\"width\":300,\"height\":236,\"caption\":\"Mairie de Servaville-Salmonville\"},\"image\":{\"@id\":\"https:\/\/web.graphisme.pro\/Servaville\/#\/schema\/logo\/image\/\"},\"sameAs\":[\"https:\/\/fr.wikipedia.org\/wiki\/Servaville-Salmonville\"]}]}<\/script>\n<!-- \/ Yoast SEO plugin. -->","yoast_head_json":{"title":"\u00c9cole - Mairie de Servaville-Salmonville","robots":{"index":"index","follow":"follow","max-snippet":"max-snippet:-1","max-image-preview":"max-image-preview:large","max-video-preview":"max-video-preview:-1"},"canonical":"https:\/\/web.graphisme.pro\/Servaville\/rpi-sivos\/","og_locale":"fr_FR","og_type":"article","og_title":"\u00c9cole - Mairie de Servaville-Salmonville","og_description":"RPI (Regroupement P\u00e9dagogique Intercommunal) et SIVoS (Syndicat Intercommunal \u00e0 Vocation Scolaire) C&rsquo;est en 1972, \u00e0 l&rsquo;initiative des 3 directeurs d&rsquo;\u00e9cole et des 3 Maires que naquit notre RPI, regroupant les [&hellip;]","og_url":"https:\/\/web.graphisme.pro\/Servaville\/rpi-sivos\/","og_site_name":"Mairie de Servaville-Salmonville","article_modified_time":"2022-09-10T07:20:27+00:00","og_image":[{"url":"https:\/\/web.graphisme.pro\/Servaville\/wp-content\/uploads\/2020\/11\/cantine.jpg"}],"twitter_card":"summary_large_image","twitter_misc":{"Dur\u00e9e de lecture estim\u00e9e":"3 minutes"},"schema":{"@context":"https:\/\/schema.org","@graph":[{"@type":"WebPage","@id":"https:\/\/web.graphisme.pro\/Servaville\/rpi-sivos\/","url":"https:\/\/web.graphisme.pro\/Servaville\/rpi-sivos\/","name":"\u00c9cole - Mairie de Servaville-Salmonville","isPartOf":{"@id":"https:\/\/web.graphisme.pro\/Servaville\/#website"},"primaryImageOfPage":{"@id":"https:\/\/web.graphisme.pro\/Servaville\/rpi-sivos\/#primaryimage"},"image":{"@id":"https:\/\/web.graphisme.pro\/Servaville\/rpi-sivos\/#primaryimage"},"thumbnailUrl":"https:\/\/web.graphisme.pro\/Servaville\/wp-content\/uploads\/2020\/11\/cantine.jpg","datePublished":"2020-08-24T13:53:47+00:00","dateModified":"2022-09-10T07:20:27+00:00","breadcrumb":{"@id":"https:\/\/web.graphisme.pro\/Servaville\/rpi-sivos\/#breadcrumb"},"inLanguage":"fr-FR","potentialAction":[{"@type":"ReadAction","target":["https:\/\/web.graphisme.pro\/Servaville\/rpi-sivos\/"]}]},{"@type":"ImageObject","inLanguage":"fr-FR","@id":"https:\/\/web.graphisme.pro\/Servaville\/rpi-sivos\/#primaryimage","url":"https:\/\/web.graphisme.pro\/Servaville\/wp-content\/uploads\/2020\/11\/cantine.jpg","contentUrl":"https:\/\/web.graphisme.pro\/Servaville\/wp-content\/uploads\/2020\/11\/cantine.jpg","width":265,"height":190},{"@type":"BreadcrumbList","@id":"https:\/\/web.graphisme.pro\/Servaville\/rpi-sivos\/#breadcrumb","itemListElement":[{"@type":"ListItem","position":1,"name":"Accueil","item":"https:\/\/web.graphisme.pro\/Servaville\/"},{"@type":"ListItem","position":2,"name":"\u00c9cole"}]},{"@type":"WebSite","@id":"https:\/\/web.graphisme.pro\/Servaville\/#website","url":"https:\/\/web.graphisme.pro\/Servaville\/","name":"Mairie de Servaville-Salmonville","description":"Seine-Maritime Normandie","publisher":{"@id":"https:\/\/web.graphisme.pro\/Servaville\/#organization"},"potentialAction":[{"@type":"SearchAction","target":{"@type":"EntryPoint","urlTemplate":"https:\/\/web.graphisme.pro\/Servaville\/?s={search_term_string}"},"query-input":"required name=search_term_string"}],"inLanguage":"fr-FR"},{"@type":"Organization","@id":"https:\/\/web.graphisme.pro\/Servaville\/#organization","name":"Mairie de Servaville-Salmonville","url":"https:\/\/web.graphisme.pro\/Servaville\/","logo":{"@type":"ImageObject","inLanguage":"fr-FR","@id":"https:\/\/web.graphisme.pro\/Servaville\/#\/schema\/logo\/image\/","url":"https:\/\/web.graphisme.pro\/Servaville\/wp-content\/uploads\/2020\/08\/servaville_logo-e1598278648383.png","contentUrl":"https:\/\/web.graphisme.pro\/Servaville\/wp-content\/uploads\/2020\/08\/servaville_logo-e1598278648383.png","width":300,"height":236,"caption":"Mairie de Servaville-Salmonville"},"image":{"@id":"https:\/\/web.graphisme.pro\/Servaville\/#\/schema\/logo\/image\/"},"sameAs":["https:\/\/fr.wikipedia.org\/wiki\/Servaville-Salmonville"]}]}},"_links":{"self":[{"href":"https:\/\/web.graphisme.pro\/Servaville\/wp-json\/wp\/v2\/pages\/57"}],"collection":[{"href":"https:\/\/web.graphisme.pro\/Servaville\/wp-json\/wp\/v2\/pages"}],"about":[{"href":"https:\/\/web.graphisme.pro\/Servaville\/wp-json\/wp\/v2\/types\/page"}],"author":[{"embeddable":true,"href":"https:\/\/web.graphisme.pro\/Servaville\/wp-json\/wp\/v2\/users\/1"}],"replies":[{"embeddable":true,"href":"https:\/\/web.graphisme.pro\/Servaville\/wp-json\/wp\/v2\/comments?post=57"}],"version-history":[{"count":25,"href":"https:\/\/web.graphisme.pro\/Servaville\/wp-json\/wp\/v2\/pages\/57\/revisions"}],"predecessor-version":[{"id":1900,"href":"https:\/\/web.graphisme.pro\/Servaville\/wp-json\/wp\/v2\/pages\/57\/revisions\/1900"}],"wp:attachment":[{"href":"https:\/\/web.graphisme.pro\/Servaville\/wp-json\/wp\/v2\/media?parent=57"}],"curies":[{"name":"wp","href":"https:\/\/api.w.org\/{rel}","templated":true}]}}