{"id":249,"date":"2020-09-03T09:43:59","date_gmt":"2020-09-03T07:43:59","guid":{"rendered":"https:\/\/web.graphisme.pro\/Servaville\/?page_id=249"},"modified":"2024-05-02T16:00:52","modified_gmt":"2024-05-02T14:00:52","slug":"bibliotheque-page-a-page-servaville","status":"publish","type":"page","link":"https:\/\/web.graphisme.pro\/Servaville\/bibliotheque-page-a-page-servaville\/","title":{"rendered":"Biblioth\u00e8que \u201cpage \u00e0 page\u201d"},"content":{"rendered":"\n<div class=\"wp-block-columns is-layout-flex wp-container-core-columns-is-layout-1 wp-block-columns-is-layout-flex\">\n<div class=\"wp-block-column is-layout-flow wp-block-column-is-layout-flow\" style=\"padding-right:var(--wp--preset--spacing--x-small);padding-left:var(--wp--preset--spacing--x-small)\">\n<div style=\"height:30px\" aria-hidden=\"true\" class=\"wp-block-spacer\"><\/div>\n\n\n\n<figure class=\"wp-block-image aligncenter size-full\"><img loading=\"lazy\" decoding=\"async\" width=\"407\" height=\"320\" src=\"https:\/\/web.graphisme.pro\/Servaville\/wp-content\/uploads\/2024\/03\/Bibliotheque.png\" alt=\"\" class=\"wp-image-2965\" srcset=\"https:\/\/web.graphisme.pro\/Servaville\/wp-content\/uploads\/2024\/03\/Bibliotheque.png 407w, https:\/\/web.graphisme.pro\/Servaville\/wp-content\/uploads\/2024\/03\/Bibliotheque-300x236.png 300w\" sizes=\"(max-width: 407px) 100vw, 407px\" \/><\/figure>\n\n\n\n<p class=\"has-text-align-left\">Des livres\u2026 encore des livres\u2026toujours des livres\u2026&nbsp; En janvier ou f\u00e9vrier, change-toi les id\u00e9es : prends donc une BD. Avec le printemps, lis albums et romans. En mai, lis ce qu\u2019il te pla\u00eet.&nbsp;Juin, pour tes vacances au loin, n\u2019oublie pas des bouquins. Juillet : au frais, tout l\u2019\u00e9t\u00e9, tes livres pr\u00e9f\u00e9r\u00e9s. En ao\u00fbt, couch\u00e9 ou debout, lis un peu de tout. Septembre-octobre : bient\u00f4t l\u2019automne. \u00c0 la bibli tu t\u2019abonnes et&nbsp;dans un livre, tu t\u2019abandonnes. Novembre :&nbsp;en attendant d\u00e9cembre, bien au chaud dans ta chambre, ignore le froid qui mord les joues, choisis un livre et oublie tout\u2026 D\u00e9cembre : bien au chaud cet hiver, lis des documentaires.<\/p>\n\n\n\n<p class=\"has-text-align-left\"><strong>La biblioth\u00e8que \u00ab Page \u00e0 page \u00bb vous souhaite une bonne ann\u00e9e de lecture.<\/strong><\/p>\n\n\n\n<p class=\"has-text-align-left\">La biblioth\u00e8que est situ\u00e9e dans l\u2019un des espaces de la salle polyvalente<br>(rue de la fosse aux loups 76116 Servaville-Salmonville).<\/p>\n<\/div>\n\n\n\n<div class=\"wp-block-column is-layout-flow wp-block-column-is-layout-flow\" style=\"flex-basis:420px\">\n<div class=\"wp-block-cover is-light wp-duotone-000-b1bf8e-1\" style=\"margin-top:0;margin-bottom:0;padding-right:0;padding-left:0;min-height:75px;aspect-ratio:unset;\"><span aria-hidden=\"true\" class=\"wp-block-cover__background has-white-background-color has-background-dim-10 has-background-dim\"><\/span><img loading=\"lazy\" decoding=\"async\" width=\"960\" height=\"1283\" class=\"wp-block-cover__image-background wp-image-2095\" alt=\"\" src=\"https:\/\/web.graphisme.pro\/Servaville\/wp-content\/uploads\/2023\/01\/pngtree-abstract-green-tone-beautiful-atmospheric-advertising-light-source-business-background-image_524735.jpg\" style=\"object-position:64% 13%\" data-object-fit=\"cover\" data-object-position=\"64% 13%\" srcset=\"https:\/\/web.graphisme.pro\/Servaville\/wp-content\/uploads\/2023\/01\/pngtree-abstract-green-tone-beautiful-atmospheric-advertising-light-source-business-background-image_524735.jpg 960w, https:\/\/web.graphisme.pro\/Servaville\/wp-content\/uploads\/2023\/01\/pngtree-abstract-green-tone-beautiful-atmospheric-advertising-light-source-business-background-image_524735-224x300.jpg 224w, https:\/\/web.graphisme.pro\/Servaville\/wp-content\/uploads\/2023\/01\/pngtree-abstract-green-tone-beautiful-atmospheric-advertising-light-source-business-background-image_524735-766x1024.jpg 766w, https:\/\/web.graphisme.pro\/Servaville\/wp-content\/uploads\/2023\/01\/pngtree-abstract-green-tone-beautiful-atmospheric-advertising-light-source-business-background-image_524735-768x1026.jpg 768w, https:\/\/web.graphisme.pro\/Servaville\/wp-content\/uploads\/2023\/01\/pngtree-abstract-green-tone-beautiful-atmospheric-advertising-light-source-business-background-image_524735-140x187.jpg 140w\" sizes=\"(max-width: 960px) 100vw, 960px\" \/><div class=\"wp-block-cover__inner-container is-layout-flow wp-container-core-cover-is-layout-1 wp-block-cover-is-layout-flow\">\n<h2 class=\"wp-block-heading has-text-align-center has-white-color has-text-color\" style=\"font-size:clamp(2.2rem, 2.2rem + ((1vw - 0.2rem) * 3), 4rem);\">Horaires d&rsquo;ouverture<\/h2>\n\n\n\n<p class=\"has-text-align-center has-white-color has-text-color has-normal-font-size\">Mercredi et samedi <br>de 10h \u00e0 11h30 et de 14h \u00e0 15h30<\/p>\n<\/div><\/div>\n\n\n\n<div style=\"height:30px\" aria-hidden=\"true\" class=\"wp-block-spacer\"><\/div>\n\n\n\n<div class=\"wp-block-media-text alignwide is-stacked-on-mobile is-vertically-aligned-center has-light-background-background-color has-background\" style=\"grid-template-columns:45% auto\"><figure class=\"wp-block-media-text__media\"><img loading=\"lazy\" decoding=\"async\" width=\"684\" height=\"1024\" src=\"https:\/\/web.graphisme.pro\/Servaville\/wp-content\/uploads\/2020\/11\/Kiosque-684x1024.jpg\" alt=\"Kiosque\" class=\"wp-image-1042 size-full\" srcset=\"https:\/\/web.graphisme.pro\/Servaville\/wp-content\/uploads\/2020\/11\/Kiosque-684x1024.jpg 684w, https:\/\/web.graphisme.pro\/Servaville\/wp-content\/uploads\/2020\/11\/Kiosque-200x300.jpg 200w, https:\/\/web.graphisme.pro\/Servaville\/wp-content\/uploads\/2020\/11\/Kiosque-768x1150.jpg 768w, https:\/\/web.graphisme.pro\/Servaville\/wp-content\/uploads\/2020\/11\/Kiosque-1025x1536.jpg 1025w, https:\/\/web.graphisme.pro\/Servaville\/wp-content\/uploads\/2020\/11\/Kiosque-1367x2048.jpg 1367w, https:\/\/web.graphisme.pro\/Servaville\/wp-content\/uploads\/2020\/11\/Kiosque-140x210.jpg 140w, https:\/\/web.graphisme.pro\/Servaville\/wp-content\/uploads\/2020\/11\/Kiosque-scaled.jpg 1709w\" sizes=\"(max-width: 684px) 100vw, 684px\" \/><\/figure><div class=\"wp-block-media-text__content\">\n<p class=\"has-text-align-center\" style=\"font-size:clamp(14px, 0.875rem + ((1vw - 3.2px) * 0.313), 17px);px\">Un kiosque en libre-service est install\u00e9 au centre du village (rue des tilleuls). C\u2019est gratuit, direct et sans interm\u00e9diaire. Possibilit\u00e9 d\u2019y d\u00e9poser des livres et d\u2019en retirer librement. Ne pas oublier que les livres sont mis \u00e0 la vue de tous, adultes et enfants&nbsp;: ne pas y d\u00e9poser d\u2019ouvrages ni d\u00e9t\u00e9rior\u00e9s ni r\u00e9serv\u00e9s \u00e0 un public averti.<\/p>\n<\/div><\/div>\n\n\n\n<div style=\"height:30px\" aria-hidden=\"true\" class=\"wp-block-spacer\"><\/div>\n<\/div>\n<\/div>\n\n\n\n<div style=\"height:30px\" aria-hidden=\"true\" class=\"wp-block-spacer\"><\/div>\n\n\n\n<div class=\"wp-block-cover is-light\" style=\"min-height:80px;aspect-ratio:unset;\"><span aria-hidden=\"true\" class=\"wp-block-cover__background has-white-background-color has-background-dim-80 has-background-dim\"><\/span><img loading=\"lazy\" decoding=\"async\" width=\"300\" height=\"450\" class=\"wp-block-cover__image-background wp-image-2954\" alt=\"\" src=\"https:\/\/web.graphisme.pro\/Servaville\/wp-content\/uploads\/2024\/03\/bibliotheque-1.jpg\" data-object-fit=\"cover\" srcset=\"https:\/\/web.graphisme.pro\/Servaville\/wp-content\/uploads\/2024\/03\/bibliotheque-1.jpg 300w, https:\/\/web.graphisme.pro\/Servaville\/wp-content\/uploads\/2024\/03\/bibliotheque-1-200x300.jpg 200w\" sizes=\"(max-width: 300px) 100vw, 300px\" \/><div class=\"wp-block-cover__inner-container is-layout-flow wp-block-cover-is-layout-flow\">\n<h2 class=\"wp-block-heading has-text-align-center has-anthracite-color has-text-color has-large-font-size\">Papotages \u00e0 la biblioth\u00e8que<\/h2>\n\n\n\n<div class=\"wp-block-pdf-viewer-block-standard\" style=\"text-align:center\"><div class=\"uploaded-pdf\"><a href=\"https:\/\/web.graphisme.pro\/Servaville\/wp-content\/uploads\/2024\/05\/papotages-n\u00b023.pdf\" data-width=\"\" data-height=\"\"><\/a><\/div><\/div>\n\n\n\n<div class=\"wp-block-columns is-layout-flex wp-container-core-columns-is-layout-2 wp-block-columns-is-layout-flex\">\n<div class=\"wp-block-column is-layout-flow wp-block-column-is-layout-flow\">\n<div class=\"wp-block-pdf-viewer-block-standard\" style=\"text-align:left\"><div class=\"uploaded-pdf\"><a href=\"https:\/\/web.graphisme.pro\/Servaville\/wp-content\/uploads\/2024\/03\/papotages-n\u00b022.pdf\" data-width=\"\" data-height=\"\"><\/a><\/div><\/div>\n<\/div>\n\n\n\n<div class=\"wp-block-column is-layout-flow wp-block-column-is-layout-flow\"><\/div>\n\n\n\n<div class=\"wp-block-column is-layout-flow wp-block-column-is-layout-flow\"><\/div>\n<\/div>\n\n\n\n<div class=\"wp-block-columns is-layout-flex wp-container-core-columns-is-layout-3 wp-block-columns-is-layout-flex\">\n<div class=\"wp-block-column is-layout-flow wp-block-column-is-layout-flow\">\n<div class=\"wp-block-pdf-viewer-block-standard\" style=\"text-align:left\"><div class=\"uploaded-pdf\"><a href=\"https:\/\/web.graphisme.pro\/Servaville\/wp-content\/uploads\/2024\/03\/papotages-n\u00b021.pdf\" data-width=\"\" data-height=\"\"><\/a><\/div><\/div>\n<\/div>\n\n\n\n<div class=\"wp-block-column is-layout-flow wp-block-column-is-layout-flow\">\n<div class=\"wp-block-pdf-viewer-block-standard\" style=\"text-align:left\"><div class=\"uploaded-pdf\"><a href=\"https:\/\/web.graphisme.pro\/Servaville\/wp-content\/uploads\/2023\/11\/papotages-n\u00b020.pdf\" data-width=\"\" data-height=\"\"><\/a><\/div><\/div>\n<\/div>\n\n\n\n<div class=\"wp-block-column is-layout-flow wp-block-column-is-layout-flow\">\n<div class=\"wp-block-pdf-viewer-block-standard\" style=\"text-align:left\"><div class=\"uploaded-pdf\"><a href=\"https:\/\/web.graphisme.pro\/Servaville\/wp-content\/uploads\/2023\/11\/papotages-n19.pdf\" data-width=\"\" data-height=\"\"><\/a><\/div><\/div>\n<\/div>\n<\/div>\n\n\n\n<div class=\"wp-block-columns is-layout-flex wp-container-core-columns-is-layout-4 wp-block-columns-is-layout-flex\">\n<div class=\"wp-block-column is-layout-flow wp-block-column-is-layout-flow\">\n<div class=\"wp-block-pdf-viewer-block-standard\" style=\"text-align:left\"><div class=\"uploaded-pdf\"><a href=\"https:\/\/web.graphisme.pro\/Servaville\/wp-content\/uploads\/2023\/11\/papotages-n\u00b0-18.pdf\" data-width=\"\" data-height=\"\"><\/a><\/div><\/div>\n<\/div>\n\n\n\n<div class=\"wp-block-column is-layout-flow wp-block-column-is-layout-flow\">\n<div class=\"wp-block-pdf-viewer-block-standard\" style=\"text-align:left\"><div class=\"uploaded-pdf\"><a href=\"https:\/\/web.graphisme.pro\/Servaville\/wp-content\/uploads\/2023\/05\/papotages-n\u00b0-17.pdf\" data-width=\"\" data-height=\"\"><\/a><\/div><\/div>\n<\/div>\n\n\n\n<div class=\"wp-block-column is-layout-flow wp-block-column-is-layout-flow\">\n<div class=\"wp-block-pdf-viewer-block-standard\" style=\"text-align:left\"><div class=\"uploaded-pdf\"><a href=\"https:\/\/web.graphisme.pro\/Servaville\/wp-content\/uploads\/2024\/03\/papotages-n\u00b016.pdf\" data-width=\"\" data-height=\"\"><\/a><\/div><\/div>\n<\/div>\n<\/div>\n\n\n\n<div class=\"wp-block-columns is-layout-flex wp-container-core-columns-is-layout-5 wp-block-columns-is-layout-flex\">\n<div class=\"wp-block-column is-layout-flow wp-block-column-is-layout-flow\">\n<div class=\"wp-block-pdf-viewer-block-standard\" style=\"text-align:left\"><div class=\"uploaded-pdf\"><a href=\"https:\/\/web.graphisme.pro\/Servaville\/wp-content\/uploads\/2023\/02\/papotages-n-15.pdf\" data-width=\"\" data-height=\"\"><\/a><\/div><\/div>\n<\/div>\n\n\n\n<div class=\"wp-block-column is-layout-flow wp-block-column-is-layout-flow\">\n<div class=\"wp-block-pdf-viewer-block-standard\" style=\"text-align:left\"><div class=\"uploaded-pdf\"><a href=\"https:\/\/web.graphisme.pro\/Servaville\/wp-content\/uploads\/2024\/03\/papotages-n\u00b014.pdf\" data-width=\"\" data-height=\"\"><\/a><\/div><\/div>\n<\/div>\n\n\n\n<div class=\"wp-block-column is-layout-flow wp-block-column-is-layout-flow\">\n<div class=\"wp-block-pdf-viewer-block-standard\" style=\"text-align:left\"><div class=\"uploaded-pdf\"><a href=\"https:\/\/web.graphisme.pro\/Servaville\/wp-content\/uploads\/2022\/10\/Papotages-13.pdf\" data-width=\"\" data-height=\"\"><\/a><\/div><\/div>\n<\/div>\n<\/div>\n\n\n\n<div class=\"wp-block-columns is-layout-flex wp-container-core-columns-is-layout-6 wp-block-columns-is-layout-flex\">\n<div class=\"wp-block-column is-layout-flow wp-block-column-is-layout-flow\">\n<div class=\"wp-block-pdf-viewer-block-standard\" style=\"text-align:left\"><div class=\"uploaded-pdf\"><a href=\"https:\/\/web.graphisme.pro\/Servaville\/wp-content\/uploads\/2022\/09\/papotages-12.pdf\" data-width=\"\" data-height=\"\"><\/a><\/div><\/div>\n<\/div>\n\n\n\n<div class=\"wp-block-column is-layout-flow wp-block-column-is-layout-flow\">\n<div class=\"wp-block-pdf-viewer-block-standard\" style=\"text-align:left\"><div class=\"uploaded-pdf\"><a href=\"https:\/\/web.graphisme.pro\/Servaville\/wp-content\/uploads\/2024\/03\/papotages-n\u00b011.pdf\" data-width=\"\" data-height=\"\"><\/a><\/div><\/div>\n<\/div>\n\n\n\n<div class=\"wp-block-column is-layout-flow wp-block-column-is-layout-flow\">\n<div class=\"wp-block-pdf-viewer-block-standard\" style=\"text-align:left\"><div class=\"uploaded-pdf\"><a href=\"https:\/\/web.graphisme.pro\/Servaville\/wp-content\/uploads\/2024\/03\/papotages-n\u00b010.pdf\" data-width=\"\" data-height=\"\"><\/a><\/div><\/div>\n<\/div>\n<\/div>\n\n\n\n<div class=\"wp-block-columns is-layout-flex wp-container-core-columns-is-layout-7 wp-block-columns-is-layout-flex\">\n<div class=\"wp-block-column is-layout-flow wp-block-column-is-layout-flow\">\n<div class=\"wp-block-pdf-viewer-block-standard\" style=\"text-align:left\"><div class=\"uploaded-pdf\"><a href=\"https:\/\/web.graphisme.pro\/Servaville\/wp-content\/uploads\/2022\/04\/papotages-n\u00b09.pdf\" data-width=\"\" data-height=\"\"><\/a><\/div><\/div>\n<\/div>\n\n\n\n<div class=\"wp-block-column is-layout-flow wp-block-column-is-layout-flow\">\n<div class=\"wp-block-pdf-viewer-block-standard\" style=\"text-align:left\"><div class=\"uploaded-pdf\"><a href=\"https:\/\/web.graphisme.pro\/Servaville\/wp-content\/uploads\/2022\/03\/papotages-n\u00b08.pdf\" data-width=\"\" data-height=\"\"><\/a><\/div><\/div>\n<\/div>\n\n\n\n<div class=\"wp-block-column is-layout-flow wp-block-column-is-layout-flow\">\n<div class=\"wp-block-pdf-viewer-block-standard\" style=\"text-align:left\"><div class=\"uploaded-pdf\"><a href=\"https:\/\/web.graphisme.pro\/Servaville\/wp-content\/uploads\/2022\/01\/papotages-7.pdf\" data-width=\"\" data-height=\"\"><\/a><\/div><\/div>\n<\/div>\n<\/div>\n\n\n\n<div class=\"wp-block-columns is-layout-flex wp-container-core-columns-is-layout-8 wp-block-columns-is-layout-flex\">\n<div class=\"wp-block-column is-layout-flow wp-block-column-is-layout-flow\">\n<div class=\"wp-block-pdf-viewer-block-standard\" style=\"text-align:left\"><div class=\"uploaded-pdf\"><a href=\"https:\/\/web.graphisme.pro\/Servaville\/wp-content\/uploads\/2021\/12\/papotages-n6.pdf\" data-width=\"\" data-height=\"\"><\/a><\/div><\/div>\n<\/div>\n\n\n\n<div class=\"wp-block-column is-layout-flow wp-block-column-is-layout-flow\">\n<div class=\"wp-block-pdf-viewer-block-standard\" style=\"text-align:left\"><div class=\"uploaded-pdf\"><a href=\"https:\/\/web.graphisme.pro\/Servaville\/wp-content\/uploads\/2021\/11\/papotages-n05.pdf\" data-width=\"\" data-height=\"\"><\/a><\/div><\/div>\n<\/div>\n\n\n\n<div class=\"wp-block-column is-layout-flow wp-block-column-is-layout-flow\">\n<div class=\"wp-block-pdf-viewer-block-standard\" style=\"text-align:left\"><div class=\"uploaded-pdf\"><a href=\"https:\/\/web.graphisme.pro\/Servaville\/wp-content\/uploads\/2021\/09\/papotages-n4.pdf\" data-width=\"\" data-height=\"\"><\/a><\/div><\/div>\n<\/div>\n<\/div>\n<\/div><\/div>\n\n\n\n<p class=\"has-text-align-center\">Retrouvez \u00e9galement cette page sur le <a href=\"https:\/\/ascss-servaville.fr\/bibliotheque\/\" target=\"_blank\" rel=\"noreferrer noopener\">site Internet de l&rsquo;ASCSS<\/a><\/p>\n","protected":false},"excerpt":{"rendered":"<p>Des livres\u2026 encore des livres\u2026toujours des livres\u2026&nbsp; En janvier ou f\u00e9vrier, change-toi les id\u00e9es : prends donc une BD. Avec le printemps, lis albums et romans. En mai, lis ce [&hellip;]<\/p>\n","protected":false},"author":1,"featured_media":0,"parent":0,"menu_order":0,"comment_status":"closed","ping_status":"closed","template":"","meta":{"_EventAllDay":false,"_EventTimezone":"","_EventStartDate":"","_EventEndDate":"","_EventStartDateUTC":"","_EventEndDateUTC":"","_EventShowMap":false,"_EventShowMapLink":false,"_EventURL":"","_EventCost":"","_EventCostDescription":"","_EventCurrencySymbol":"","_EventCurrencyCode":"","_EventCurrencyPosition":"","_EventDateTimeSeparator":"","_EventTimeRangeSeparator":"","_EventOrganizerID":[],"_EventVenueID":[],"_OrganizerEmail":"","_OrganizerPhone":"","_OrganizerWebsite":"","_VenueAddress":"","_VenueCity":"","_VenueCountry":"","_VenueProvince":"","_VenueState":"","_VenueZip":"","_VenuePhone":"","_VenueURL":"","_VenueStateProvince":"","_VenueLat":"","_VenueLng":"","_VenueShowMap":false,"_VenueShowMapLink":false,"footnotes":""},"yoast_head":"<!-- This site is optimized with the Yoast SEO plugin v22.6 - https:\/\/yoast.com\/wordpress\/plugins\/seo\/ -->\n<title>Biblioth\u00e8que \u201cpage \u00e0 page\u201d - Mairie de Servaville-Salmonville<\/title>\n<meta name=\"description\" content=\"Biblioth\u00e8que page \u00e0 page de Servaville, situation, horaires d&#039;ouverture, papotages \u00e0 la biblioth\u00e8que, informations et actions culturelles.\" \/>\n<meta name=\"robots\" content=\"index, follow, max-snippet:-1, max-image-preview:large, max-video-preview:-1\" \/>\n<link rel=\"canonical\" href=\"https:\/\/web.graphisme.pro\/Servaville\/bibliotheque-page-a-page-servaville\/\" \/>\n<meta property=\"og:locale\" content=\"fr_FR\" \/>\n<meta property=\"og:type\" content=\"article\" \/>\n<meta property=\"og:title\" content=\"Biblioth\u00e8que \u201cpage \u00e0 page\u201d - Mairie de Servaville-Salmonville\" \/>\n<meta property=\"og:description\" content=\"Biblioth\u00e8que page \u00e0 page de Servaville, situation, horaires d&#039;ouverture, papotages \u00e0 la biblioth\u00e8que, informations et actions culturelles.\" \/>\n<meta property=\"og:url\" content=\"https:\/\/web.graphisme.pro\/Servaville\/bibliotheque-page-a-page-servaville\/\" \/>\n<meta property=\"og:site_name\" content=\"Mairie de Servaville-Salmonville\" \/>\n<meta property=\"article:modified_time\" content=\"2024-05-02T14:00:52+00:00\" \/>\n<meta property=\"og:image\" content=\"https:\/\/web.graphisme.pro\/Servaville\/wp-content\/uploads\/2024\/03\/Bibliotheque.png\" \/>\n<meta name=\"twitter:card\" content=\"summary_large_image\" \/>\n<meta name=\"twitter:label1\" content=\"Dur\u00e9e de lecture estim\u00e9e\" \/>\n\t<meta name=\"twitter:data1\" content=\"2 minutes\" \/>\n<script type=\"application\/ld+json\" class=\"yoast-schema-graph\">{\"@context\":\"https:\/\/schema.org\",\"@graph\":[{\"@type\":\"WebPage\",\"@id\":\"https:\/\/web.graphisme.pro\/Servaville\/bibliotheque-page-a-page-servaville\/\",\"url\":\"https:\/\/web.graphisme.pro\/Servaville\/bibliotheque-page-a-page-servaville\/\",\"name\":\"Biblioth\u00e8que \u201cpage \u00e0 page\u201d - Mairie de Servaville-Salmonville\",\"isPartOf\":{\"@id\":\"https:\/\/web.graphisme.pro\/Servaville\/#website\"},\"primaryImageOfPage\":{\"@id\":\"https:\/\/web.graphisme.pro\/Servaville\/bibliotheque-page-a-page-servaville\/#primaryimage\"},\"image\":{\"@id\":\"https:\/\/web.graphisme.pro\/Servaville\/bibliotheque-page-a-page-servaville\/#primaryimage\"},\"thumbnailUrl\":\"https:\/\/web.graphisme.pro\/Servaville\/wp-content\/uploads\/2024\/03\/Bibliotheque.png\",\"datePublished\":\"2020-09-03T07:43:59+00:00\",\"dateModified\":\"2024-05-02T14:00:52+00:00\",\"description\":\"Biblioth\u00e8que page \u00e0 page de Servaville, situation, horaires d'ouverture, papotages \u00e0 la biblioth\u00e8que, informations et actions culturelles.\",\"breadcrumb\":{\"@id\":\"https:\/\/web.graphisme.pro\/Servaville\/bibliotheque-page-a-page-servaville\/#breadcrumb\"},\"inLanguage\":\"fr-FR\",\"potentialAction\":[{\"@type\":\"ReadAction\",\"target\":[\"https:\/\/web.graphisme.pro\/Servaville\/bibliotheque-page-a-page-servaville\/\"]}]},{\"@type\":\"ImageObject\",\"inLanguage\":\"fr-FR\",\"@id\":\"https:\/\/web.graphisme.pro\/Servaville\/bibliotheque-page-a-page-servaville\/#primaryimage\",\"url\":\"https:\/\/web.graphisme.pro\/Servaville\/wp-content\/uploads\/2024\/03\/Bibliotheque.png\",\"contentUrl\":\"https:\/\/web.graphisme.pro\/Servaville\/wp-content\/uploads\/2024\/03\/Bibliotheque.png\",\"width\":407,\"height\":320},{\"@type\":\"BreadcrumbList\",\"@id\":\"https:\/\/web.graphisme.pro\/Servaville\/bibliotheque-page-a-page-servaville\/#breadcrumb\",\"itemListElement\":[{\"@type\":\"ListItem\",\"position\":1,\"name\":\"Accueil\",\"item\":\"https:\/\/web.graphisme.pro\/Servaville\/\"},{\"@type\":\"ListItem\",\"position\":2,\"name\":\"Biblioth\u00e8que \u201cpage \u00e0 page\u201d\"}]},{\"@type\":\"WebSite\",\"@id\":\"https:\/\/web.graphisme.pro\/Servaville\/#website\",\"url\":\"https:\/\/web.graphisme.pro\/Servaville\/\",\"name\":\"Mairie de Servaville-Salmonville\",\"description\":\"Seine-Maritime Normandie\",\"publisher\":{\"@id\":\"https:\/\/web.graphisme.pro\/Servaville\/#organization\"},\"potentialAction\":[{\"@type\":\"SearchAction\",\"target\":{\"@type\":\"EntryPoint\",\"urlTemplate\":\"https:\/\/web.graphisme.pro\/Servaville\/?s={search_term_string}\"},\"query-input\":\"required name=search_term_string\"}],\"inLanguage\":\"fr-FR\"},{\"@type\":\"Organization\",\"@id\":\"https:\/\/web.graphisme.pro\/Servaville\/#organization\",\"name\":\"Mairie de Servaville-Salmonville\",\"url\":\"https:\/\/web.graphisme.pro\/Servaville\/\",\"logo\":{\"@type\":\"ImageObject\",\"inLanguage\":\"fr-FR\",\"@id\":\"https:\/\/web.graphisme.pro\/Servaville\/#\/schema\/logo\/image\/\",\"url\":\"https:\/\/web.graphisme.pro\/Servaville\/wp-content\/uploads\/2020\/08\/servaville_logo-e1598278648383.png\",\"contentUrl\":\"https:\/\/web.graphisme.pro\/Servaville\/wp-content\/uploads\/2020\/08\/servaville_logo-e1598278648383.png\",\"width\":300,\"height\":236,\"caption\":\"Mairie de Servaville-Salmonville\"},\"image\":{\"@id\":\"https:\/\/web.graphisme.pro\/Servaville\/#\/schema\/logo\/image\/\"},\"sameAs\":[\"https:\/\/fr.wikipedia.org\/wiki\/Servaville-Salmonville\"]}]}<\/script>\n<!-- \/ Yoast SEO plugin. -->","yoast_head_json":{"title":"Biblioth\u00e8que \u201cpage \u00e0 page\u201d - Mairie de Servaville-Salmonville","description":"Biblioth\u00e8que page \u00e0 page de Servaville, situation, horaires d'ouverture, papotages \u00e0 la biblioth\u00e8que, informations et actions culturelles.","robots":{"index":"index","follow":"follow","max-snippet":"max-snippet:-1","max-image-preview":"max-image-preview:large","max-video-preview":"max-video-preview:-1"},"canonical":"https:\/\/web.graphisme.pro\/Servaville\/bibliotheque-page-a-page-servaville\/","og_locale":"fr_FR","og_type":"article","og_title":"Biblioth\u00e8que \u201cpage \u00e0 page\u201d - Mairie de Servaville-Salmonville","og_description":"Biblioth\u00e8que page \u00e0 page de Servaville, situation, horaires d'ouverture, papotages \u00e0 la biblioth\u00e8que, informations et actions culturelles.","og_url":"https:\/\/web.graphisme.pro\/Servaville\/bibliotheque-page-a-page-servaville\/","og_site_name":"Mairie de Servaville-Salmonville","article_modified_time":"2024-05-02T14:00:52+00:00","og_image":[{"url":"https:\/\/web.graphisme.pro\/Servaville\/wp-content\/uploads\/2024\/03\/Bibliotheque.png"}],"twitter_card":"summary_large_image","twitter_misc":{"Dur\u00e9e de lecture estim\u00e9e":"2 minutes"},"schema":{"@context":"https:\/\/schema.org","@graph":[{"@type":"WebPage","@id":"https:\/\/web.graphisme.pro\/Servaville\/bibliotheque-page-a-page-servaville\/","url":"https:\/\/web.graphisme.pro\/Servaville\/bibliotheque-page-a-page-servaville\/","name":"Biblioth\u00e8que \u201cpage \u00e0 page\u201d - Mairie de Servaville-Salmonville","isPartOf":{"@id":"https:\/\/web.graphisme.pro\/Servaville\/#website"},"primaryImageOfPage":{"@id":"https:\/\/web.graphisme.pro\/Servaville\/bibliotheque-page-a-page-servaville\/#primaryimage"},"image":{"@id":"https:\/\/web.graphisme.pro\/Servaville\/bibliotheque-page-a-page-servaville\/#primaryimage"},"thumbnailUrl":"https:\/\/web.graphisme.pro\/Servaville\/wp-content\/uploads\/2024\/03\/Bibliotheque.png","datePublished":"2020-09-03T07:43:59+00:00","dateModified":"2024-05-02T14:00:52+00:00","description":"Biblioth\u00e8que page \u00e0 page de Servaville, situation, horaires d'ouverture, papotages \u00e0 la biblioth\u00e8que, informations et actions culturelles.","breadcrumb":{"@id":"https:\/\/web.graphisme.pro\/Servaville\/bibliotheque-page-a-page-servaville\/#breadcrumb"},"inLanguage":"fr-FR","potentialAction":[{"@type":"ReadAction","target":["https:\/\/web.graphisme.pro\/Servaville\/bibliotheque-page-a-page-servaville\/"]}]},{"@type":"ImageObject","inLanguage":"fr-FR","@id":"https:\/\/web.graphisme.pro\/Servaville\/bibliotheque-page-a-page-servaville\/#primaryimage","url":"https:\/\/web.graphisme.pro\/Servaville\/wp-content\/uploads\/2024\/03\/Bibliotheque.png","contentUrl":"https:\/\/web.graphisme.pro\/Servaville\/wp-content\/uploads\/2024\/03\/Bibliotheque.png","width":407,"height":320},{"@type":"BreadcrumbList","@id":"https:\/\/web.graphisme.pro\/Servaville\/bibliotheque-page-a-page-servaville\/#breadcrumb","itemListElement":[{"@type":"ListItem","position":1,"name":"Accueil","item":"https:\/\/web.graphisme.pro\/Servaville\/"},{"@type":"ListItem","position":2,"name":"Biblioth\u00e8que \u201cpage \u00e0 page\u201d"}]},{"@type":"WebSite","@id":"https:\/\/web.graphisme.pro\/Servaville\/#website","url":"https:\/\/web.graphisme.pro\/Servaville\/","name":"Mairie de Servaville-Salmonville","description":"Seine-Maritime Normandie","publisher":{"@id":"https:\/\/web.graphisme.pro\/Servaville\/#organization"},"potentialAction":[{"@type":"SearchAction","target":{"@type":"EntryPoint","urlTemplate":"https:\/\/web.graphisme.pro\/Servaville\/?s={search_term_string}"},"query-input":"required name=search_term_string"}],"inLanguage":"fr-FR"},{"@type":"Organization","@id":"https:\/\/web.graphisme.pro\/Servaville\/#organization","name":"Mairie de Servaville-Salmonville","url":"https:\/\/web.graphisme.pro\/Servaville\/","logo":{"@type":"ImageObject","inLanguage":"fr-FR","@id":"https:\/\/web.graphisme.pro\/Servaville\/#\/schema\/logo\/image\/","url":"https:\/\/web.graphisme.pro\/Servaville\/wp-content\/uploads\/2020\/08\/servaville_logo-e1598278648383.png","contentUrl":"https:\/\/web.graphisme.pro\/Servaville\/wp-content\/uploads\/2020\/08\/servaville_logo-e1598278648383.png","width":300,"height":236,"caption":"Mairie de Servaville-Salmonville"},"image":{"@id":"https:\/\/web.graphisme.pro\/Servaville\/#\/schema\/logo\/image\/"},"sameAs":["https:\/\/fr.wikipedia.org\/wiki\/Servaville-Salmonville"]}]}},"_links":{"self":[{"href":"https:\/\/web.graphisme.pro\/Servaville\/wp-json\/wp\/v2\/pages\/249"}],"collection":[{"href":"https:\/\/web.graphisme.pro\/Servaville\/wp-json\/wp\/v2\/pages"}],"about":[{"href":"https:\/\/web.graphisme.pro\/Servaville\/wp-json\/wp\/v2\/types\/page"}],"author":[{"embeddable":true,"href":"https:\/\/web.graphisme.pro\/Servaville\/wp-json\/wp\/v2\/users\/1"}],"replies":[{"embeddable":true,"href":"https:\/\/web.graphisme.pro\/Servaville\/wp-json\/wp\/v2\/comments?post=249"}],"version-history":[{"count":77,"href":"https:\/\/web.graphisme.pro\/Servaville\/wp-json\/wp\/v2\/pages\/249\/revisions"}],"predecessor-version":[{"id":3016,"href":"https:\/\/web.graphisme.pro\/Servaville\/wp-json\/wp\/v2\/pages\/249\/revisions\/3016"}],"wp:attachment":[{"href":"https:\/\/web.graphisme.pro\/Servaville\/wp-json\/wp\/v2\/media?parent=249"}],"curies":[{"name":"wp","href":"https:\/\/api.w.org\/{rel}","templated":true}]}}