{"id":167,"date":"2020-08-26T16:03:24","date_gmt":"2020-08-26T14:03:24","guid":{"rendered":"https:\/\/web.graphisme.pro\/Servaville\/?page_id=167"},"modified":"2023-09-21T16:31:42","modified_gmt":"2023-09-21T14:31:42","slug":"conseil-municipal-des-jeunes","status":"publish","type":"page","link":"https:\/\/web.graphisme.pro\/Servaville\/conseil-municipal-des-jeunes\/","title":{"rendered":"Conseil municipal des jeunes"},"content":{"rendered":"\n<div class=\"wp-block-columns is-layout-flex wp-container-core-columns-is-layout-1 wp-block-columns-is-layout-flex\">\n<div class=\"wp-block-column is-layout-flow wp-block-column-is-layout-flow\">\n<p><em>Au 1er rang&nbsp;de gauche \u00e0 droite :<\/em> <strong>Tim\u00e9o Papadopoulos, Jules Duhamel.<\/strong><br><em>Au 2\u00e8me rang&nbsp;de gauche \u00e0 droite : <\/em><strong>Thibaut Courty, Jade Leprince, Lisa Amice, El\u00e9onore&nbsp;Hue, Tha\u00efs Ros\u00e9e.<\/strong><br><em>Au 3\u00e8me&nbsp;rang&nbsp;de gauche \u00e0 droite :<\/em> <strong>Victoria Brancq, Manon Mauger, Lalie Mauger, Emeline Le-Mignot.<\/strong><\/p>\n<\/div>\n\n\n\n<div class=\"wp-block-column is-layout-flow wp-block-column-is-layout-flow\">\n<p><br>N&rsquo;h\u00e9sitez pas \u00e0 faire appel \u00e0 eux et \u00e0 venir participer \u00e0 leurs actions.<br>&nbsp;<br>Nous comptons sur l&rsquo;ensemble des jeunes et moins jeunes pour leurs apporter soutien et participation.<\/p>\n<\/div>\n<\/div>\n\n\n\n<div style=\"height:var(--wp--preset--spacing--x-small)\" aria-hidden=\"true\" class=\"wp-block-spacer\"><\/div>\n\n\n\n<h2 class=\"wp-block-heading has-secondary-color has-text-color\">Pr\u00e9sentation du CMJ :<\/h2>\n\n\n\n<p>En septembre, nous avons constitu\u00e9 pour un mandat de 2 ans, le nouveau CMJ de Servaville. Il regroupe 11 jeunes de 9 \u00e0 13 ans, 3 gar\u00e7ons et 8 filles.&nbsp; &nbsp;Nous sommes ravis de poursuivre cette aventure avec certains anciens et d\u2019accueillir de nouveaux enfants pr\u00eats \u00e0 s\u2019investir dans notre commune.<\/p>\n\n\n\n<p>Malgr\u00e9 les conditions actuelles, les enfants ont souhait\u00e9 renouveler l\u2019exp\u00e9rience de la f\u00eate d\u2019Halloween&nbsp;!!<\/p>\n\n\n\n<p>Nous avons donc organis\u00e9 un concours de d\u00e9guisements et de citrouilles d\u00e9cor\u00e9s. Nous avons re\u00e7u de jolis petits monstres et de vilaines citrouilles dans notre boite mail\u2026merci \u00e0 tous de votre participation. Les enfants du CMJ \u00e9liront le plus beau d\u00e9guisement et la plus belle citrouille vendredi 6 novembre, les vainqueurs seront contact\u00e9s par mail.<\/p>\n\n\n\n<p>En parall\u00e8le, ils ont d\u00e9velopp\u00e9 toute leur cr\u00e9ativit\u00e9 pour nous proposer une d\u00e9coration de la mairie sur ce th\u00e8me. Les enfants ont pass\u00e9 un excellent moment \u00e0 fabriquer leur d\u00e9coration et la mettre en sc\u00e8ne le dimanche 25 octobre. Le r\u00e9sultat \u00e9tait juste magnifique et tr\u00e8s appr\u00e9ci\u00e9 des Servavillais. Merci \u00e0 eux pour leur excellent travail.<\/p>\n\n\n\n<p>A la demande de la municipalit\u00e9, les enfants du CMJ ont \u00e9t\u00e9 sollicit\u00e9s pour pr\u00e9parer la carte de v\u0153ux de la commune. Ils ont pris ce travail tr\u00e8s \u00e0 c\u0153ur, vous d\u00e9couvrirez en d\u00e9but d\u2019ann\u00e9e le r\u00e9sultat\u2026.<\/p>\n","protected":false},"excerpt":{"rendered":"<p>Au 1er rang&nbsp;de gauche \u00e0 droite : Tim\u00e9o Papadopoulos, Jules Duhamel.Au 2\u00e8me rang&nbsp;de gauche \u00e0 droite : Thibaut Courty, Jade Leprince, Lisa Amice, El\u00e9onore&nbsp;Hue, Tha\u00efs Ros\u00e9e.Au 3\u00e8me&nbsp;rang&nbsp;de gauche \u00e0 droite [&hellip;]<\/p>\n","protected":false},"author":1,"featured_media":695,"parent":0,"menu_order":0,"comment_status":"closed","ping_status":"closed","template":"","meta":{"_EventAllDay":false,"_EventTimezone":"","_EventStartDate":"","_EventEndDate":"","_EventStartDateUTC":"","_EventEndDateUTC":"","_EventShowMap":false,"_EventShowMapLink":false,"_EventURL":"","_EventCost":"","_EventCostDescription":"","_EventCurrencySymbol":"","_EventCurrencyCode":"","_EventCurrencyPosition":"","_EventDateTimeSeparator":"","_EventTimeRangeSeparator":"","_EventOrganizerID":[],"_EventVenueID":[],"_OrganizerEmail":"","_OrganizerPhone":"","_OrganizerWebsite":"","_VenueAddress":"","_VenueCity":"","_VenueCountry":"","_VenueProvince":"","_VenueState":"","_VenueZip":"","_VenuePhone":"","_VenueURL":"","_VenueStateProvince":"","_VenueLat":"","_VenueLng":"","_VenueShowMap":false,"_VenueShowMapLink":false,"footnotes":""},"yoast_head":"<!-- This site is optimized with the Yoast SEO plugin v22.6 - https:\/\/yoast.com\/wordpress\/plugins\/seo\/ -->\n<title>Conseil municipal des jeunes - Mairie de Servaville-Salmonville<\/title>\n<meta name=\"robots\" content=\"index, follow, max-snippet:-1, max-image-preview:large, max-video-preview:-1\" \/>\n<link rel=\"canonical\" href=\"https:\/\/web.graphisme.pro\/Servaville\/conseil-municipal-des-jeunes\/\" \/>\n<meta property=\"og:locale\" content=\"fr_FR\" \/>\n<meta property=\"og:type\" content=\"article\" \/>\n<meta property=\"og:title\" content=\"Conseil municipal des jeunes - Mairie de Servaville-Salmonville\" \/>\n<meta property=\"og:description\" content=\"Au 1er rang&nbsp;de gauche \u00e0 droite : Tim\u00e9o Papadopoulos, Jules Duhamel.Au 2\u00e8me rang&nbsp;de gauche \u00e0 droite : Thibaut Courty, Jade Leprince, Lisa Amice, El\u00e9onore&nbsp;Hue, Tha\u00efs Ros\u00e9e.Au 3\u00e8me&nbsp;rang&nbsp;de gauche \u00e0 droite [&hellip;]\" \/>\n<meta property=\"og:url\" content=\"https:\/\/web.graphisme.pro\/Servaville\/conseil-municipal-des-jeunes\/\" \/>\n<meta property=\"og:site_name\" content=\"Mairie de Servaville-Salmonville\" \/>\n<meta property=\"article:modified_time\" content=\"2023-09-21T14:31:42+00:00\" \/>\n<meta property=\"og:image\" content=\"https:\/\/web.graphisme.pro\/Servaville\/wp-content\/uploads\/2020\/11\/IMG_5703-scaled-e1604418630742.jpg\" \/>\n\t<meta property=\"og:image:width\" content=\"2560\" \/>\n\t<meta property=\"og:image:height\" content=\"1427\" \/>\n\t<meta property=\"og:image:type\" content=\"image\/jpeg\" \/>\n<meta name=\"twitter:card\" content=\"summary_large_image\" \/>\n<meta name=\"twitter:label1\" content=\"Dur\u00e9e de lecture estim\u00e9e\" \/>\n\t<meta name=\"twitter:data1\" content=\"2 minutes\" \/>\n<script type=\"application\/ld+json\" class=\"yoast-schema-graph\">{\"@context\":\"https:\/\/schema.org\",\"@graph\":[{\"@type\":\"WebPage\",\"@id\":\"https:\/\/web.graphisme.pro\/Servaville\/conseil-municipal-des-jeunes\/\",\"url\":\"https:\/\/web.graphisme.pro\/Servaville\/conseil-municipal-des-jeunes\/\",\"name\":\"Conseil municipal des jeunes - Mairie de Servaville-Salmonville\",\"isPartOf\":{\"@id\":\"https:\/\/web.graphisme.pro\/Servaville\/#website\"},\"primaryImageOfPage\":{\"@id\":\"https:\/\/web.graphisme.pro\/Servaville\/conseil-municipal-des-jeunes\/#primaryimage\"},\"image\":{\"@id\":\"https:\/\/web.graphisme.pro\/Servaville\/conseil-municipal-des-jeunes\/#primaryimage\"},\"thumbnailUrl\":\"https:\/\/web.graphisme.pro\/Servaville\/wp-content\/uploads\/2020\/11\/IMG_5703-scaled-e1604418630742.jpg\",\"datePublished\":\"2020-08-26T14:03:24+00:00\",\"dateModified\":\"2023-09-21T14:31:42+00:00\",\"breadcrumb\":{\"@id\":\"https:\/\/web.graphisme.pro\/Servaville\/conseil-municipal-des-jeunes\/#breadcrumb\"},\"inLanguage\":\"fr-FR\",\"potentialAction\":[{\"@type\":\"ReadAction\",\"target\":[\"https:\/\/web.graphisme.pro\/Servaville\/conseil-municipal-des-jeunes\/\"]}]},{\"@type\":\"ImageObject\",\"inLanguage\":\"fr-FR\",\"@id\":\"https:\/\/web.graphisme.pro\/Servaville\/conseil-municipal-des-jeunes\/#primaryimage\",\"url\":\"https:\/\/web.graphisme.pro\/Servaville\/wp-content\/uploads\/2020\/11\/IMG_5703-scaled-e1604418630742.jpg\",\"contentUrl\":\"https:\/\/web.graphisme.pro\/Servaville\/wp-content\/uploads\/2020\/11\/IMG_5703-scaled-e1604418630742.jpg\",\"width\":2560,\"height\":1427,\"caption\":\"Conseil Municipal des Jeunes 2020\"},{\"@type\":\"BreadcrumbList\",\"@id\":\"https:\/\/web.graphisme.pro\/Servaville\/conseil-municipal-des-jeunes\/#breadcrumb\",\"itemListElement\":[{\"@type\":\"ListItem\",\"position\":1,\"name\":\"Accueil\",\"item\":\"https:\/\/web.graphisme.pro\/Servaville\/\"},{\"@type\":\"ListItem\",\"position\":2,\"name\":\"Conseil municipal des jeunes\"}]},{\"@type\":\"WebSite\",\"@id\":\"https:\/\/web.graphisme.pro\/Servaville\/#website\",\"url\":\"https:\/\/web.graphisme.pro\/Servaville\/\",\"name\":\"Mairie de Servaville-Salmonville\",\"description\":\"Seine-Maritime Normandie\",\"publisher\":{\"@id\":\"https:\/\/web.graphisme.pro\/Servaville\/#organization\"},\"potentialAction\":[{\"@type\":\"SearchAction\",\"target\":{\"@type\":\"EntryPoint\",\"urlTemplate\":\"https:\/\/web.graphisme.pro\/Servaville\/?s={search_term_string}\"},\"query-input\":\"required name=search_term_string\"}],\"inLanguage\":\"fr-FR\"},{\"@type\":\"Organization\",\"@id\":\"https:\/\/web.graphisme.pro\/Servaville\/#organization\",\"name\":\"Mairie de Servaville-Salmonville\",\"url\":\"https:\/\/web.graphisme.pro\/Servaville\/\",\"logo\":{\"@type\":\"ImageObject\",\"inLanguage\":\"fr-FR\",\"@id\":\"https:\/\/web.graphisme.pro\/Servaville\/#\/schema\/logo\/image\/\",\"url\":\"https:\/\/web.graphisme.pro\/Servaville\/wp-content\/uploads\/2020\/08\/servaville_logo-e1598278648383.png\",\"contentUrl\":\"https:\/\/web.graphisme.pro\/Servaville\/wp-content\/uploads\/2020\/08\/servaville_logo-e1598278648383.png\",\"width\":300,\"height\":236,\"caption\":\"Mairie de Servaville-Salmonville\"},\"image\":{\"@id\":\"https:\/\/web.graphisme.pro\/Servaville\/#\/schema\/logo\/image\/\"},\"sameAs\":[\"https:\/\/fr.wikipedia.org\/wiki\/Servaville-Salmonville\"]}]}<\/script>\n<!-- \/ Yoast SEO plugin. -->","yoast_head_json":{"title":"Conseil municipal des jeunes - Mairie de Servaville-Salmonville","robots":{"index":"index","follow":"follow","max-snippet":"max-snippet:-1","max-image-preview":"max-image-preview:large","max-video-preview":"max-video-preview:-1"},"canonical":"https:\/\/web.graphisme.pro\/Servaville\/conseil-municipal-des-jeunes\/","og_locale":"fr_FR","og_type":"article","og_title":"Conseil municipal des jeunes - Mairie de Servaville-Salmonville","og_description":"Au 1er rang&nbsp;de gauche \u00e0 droite : Tim\u00e9o Papadopoulos, Jules Duhamel.Au 2\u00e8me rang&nbsp;de gauche \u00e0 droite : Thibaut Courty, Jade Leprince, Lisa Amice, El\u00e9onore&nbsp;Hue, Tha\u00efs Ros\u00e9e.Au 3\u00e8me&nbsp;rang&nbsp;de gauche \u00e0 droite [&hellip;]","og_url":"https:\/\/web.graphisme.pro\/Servaville\/conseil-municipal-des-jeunes\/","og_site_name":"Mairie de Servaville-Salmonville","article_modified_time":"2023-09-21T14:31:42+00:00","og_image":[{"width":2560,"height":1427,"url":"https:\/\/web.graphisme.pro\/Servaville\/wp-content\/uploads\/2020\/11\/IMG_5703-scaled-e1604418630742.jpg","type":"image\/jpeg"}],"twitter_card":"summary_large_image","twitter_misc":{"Dur\u00e9e de lecture estim\u00e9e":"2 minutes"},"schema":{"@context":"https:\/\/schema.org","@graph":[{"@type":"WebPage","@id":"https:\/\/web.graphisme.pro\/Servaville\/conseil-municipal-des-jeunes\/","url":"https:\/\/web.graphisme.pro\/Servaville\/conseil-municipal-des-jeunes\/","name":"Conseil municipal des jeunes - Mairie de Servaville-Salmonville","isPartOf":{"@id":"https:\/\/web.graphisme.pro\/Servaville\/#website"},"primaryImageOfPage":{"@id":"https:\/\/web.graphisme.pro\/Servaville\/conseil-municipal-des-jeunes\/#primaryimage"},"image":{"@id":"https:\/\/web.graphisme.pro\/Servaville\/conseil-municipal-des-jeunes\/#primaryimage"},"thumbnailUrl":"https:\/\/web.graphisme.pro\/Servaville\/wp-content\/uploads\/2020\/11\/IMG_5703-scaled-e1604418630742.jpg","datePublished":"2020-08-26T14:03:24+00:00","dateModified":"2023-09-21T14:31:42+00:00","breadcrumb":{"@id":"https:\/\/web.graphisme.pro\/Servaville\/conseil-municipal-des-jeunes\/#breadcrumb"},"inLanguage":"fr-FR","potentialAction":[{"@type":"ReadAction","target":["https:\/\/web.graphisme.pro\/Servaville\/conseil-municipal-des-jeunes\/"]}]},{"@type":"ImageObject","inLanguage":"fr-FR","@id":"https:\/\/web.graphisme.pro\/Servaville\/conseil-municipal-des-jeunes\/#primaryimage","url":"https:\/\/web.graphisme.pro\/Servaville\/wp-content\/uploads\/2020\/11\/IMG_5703-scaled-e1604418630742.jpg","contentUrl":"https:\/\/web.graphisme.pro\/Servaville\/wp-content\/uploads\/2020\/11\/IMG_5703-scaled-e1604418630742.jpg","width":2560,"height":1427,"caption":"Conseil Municipal des Jeunes 2020"},{"@type":"BreadcrumbList","@id":"https:\/\/web.graphisme.pro\/Servaville\/conseil-municipal-des-jeunes\/#breadcrumb","itemListElement":[{"@type":"ListItem","position":1,"name":"Accueil","item":"https:\/\/web.graphisme.pro\/Servaville\/"},{"@type":"ListItem","position":2,"name":"Conseil municipal des jeunes"}]},{"@type":"WebSite","@id":"https:\/\/web.graphisme.pro\/Servaville\/#website","url":"https:\/\/web.graphisme.pro\/Servaville\/","name":"Mairie de Servaville-Salmonville","description":"Seine-Maritime Normandie","publisher":{"@id":"https:\/\/web.graphisme.pro\/Servaville\/#organization"},"potentialAction":[{"@type":"SearchAction","target":{"@type":"EntryPoint","urlTemplate":"https:\/\/web.graphisme.pro\/Servaville\/?s={search_term_string}"},"query-input":"required name=search_term_string"}],"inLanguage":"fr-FR"},{"@type":"Organization","@id":"https:\/\/web.graphisme.pro\/Servaville\/#organization","name":"Mairie de Servaville-Salmonville","url":"https:\/\/web.graphisme.pro\/Servaville\/","logo":{"@type":"ImageObject","inLanguage":"fr-FR","@id":"https:\/\/web.graphisme.pro\/Servaville\/#\/schema\/logo\/image\/","url":"https:\/\/web.graphisme.pro\/Servaville\/wp-content\/uploads\/2020\/08\/servaville_logo-e1598278648383.png","contentUrl":"https:\/\/web.graphisme.pro\/Servaville\/wp-content\/uploads\/2020\/08\/servaville_logo-e1598278648383.png","width":300,"height":236,"caption":"Mairie de Servaville-Salmonville"},"image":{"@id":"https:\/\/web.graphisme.pro\/Servaville\/#\/schema\/logo\/image\/"},"sameAs":["https:\/\/fr.wikipedia.org\/wiki\/Servaville-Salmonville"]}]}},"_links":{"self":[{"href":"https:\/\/web.graphisme.pro\/Servaville\/wp-json\/wp\/v2\/pages\/167"}],"collection":[{"href":"https:\/\/web.graphisme.pro\/Servaville\/wp-json\/wp\/v2\/pages"}],"about":[{"href":"https:\/\/web.graphisme.pro\/Servaville\/wp-json\/wp\/v2\/types\/page"}],"author":[{"embeddable":true,"href":"https:\/\/web.graphisme.pro\/Servaville\/wp-json\/wp\/v2\/users\/1"}],"replies":[{"embeddable":true,"href":"https:\/\/web.graphisme.pro\/Servaville\/wp-json\/wp\/v2\/comments?post=167"}],"version-history":[{"count":20,"href":"https:\/\/web.graphisme.pro\/Servaville\/wp-json\/wp\/v2\/pages\/167\/revisions"}],"predecessor-version":[{"id":2654,"href":"https:\/\/web.graphisme.pro\/Servaville\/wp-json\/wp\/v2\/pages\/167\/revisions\/2654"}],"wp:featuredmedia":[{"embeddable":true,"href":"https:\/\/web.graphisme.pro\/Servaville\/wp-json\/wp\/v2\/media\/695"}],"wp:attachment":[{"href":"https:\/\/web.graphisme.pro\/Servaville\/wp-json\/wp\/v2\/media?parent=167"}],"curies":[{"name":"wp","href":"https:\/\/api.w.org\/{rel}","templated":true}]}}