{"id":135,"date":"2020-08-24T17:44:48","date_gmt":"2020-08-24T15:44:48","guid":{"rendered":"https:\/\/web.graphisme.pro\/Servaville\/?page_id=135"},"modified":"2021-03-26T10:03:44","modified_gmt":"2021-03-26T09:03:44","slug":"carte-didentite-passeport","status":"publish","type":"page","link":"https:\/\/web.graphisme.pro\/Servaville\/carte-didentite-passeport\/","title":{"rendered":"Carte d&rsquo;identit\u00e9 | Passeport"},"content":{"rendered":"\n<p class=\"has-text-align-center\"><strong>La mairie de Servaville-Salmonville n&rsquo;est plus habilit\u00e9e \u00e0 r\u00e9ceptionner les demandes de carte nationale d&rsquo;identit\u00e9  ou de passeport.<\/strong><\/p>\n\n\n\n<p class=\"has-text-align-center\"><strong><a href=\"https:\/\/passeport.ants.gouv.fr\/Services-associes\/Ou-faire-ma-demande-de-passeport-CNI\" target=\"_blank\" rel=\"noreferrer noopener\">Voir les communes habilit\u00e9es \u00e0 d\u00e9livrer une Carte d&rsquo;identit\u00e9 ou un passeport<\/a><\/strong><\/p>\n\n\n\n<p class=\"has-vivid-cyan-blue-color has-text-color has-large-font-size\"><strong>Carte d&rsquo;identit\u00e9<\/strong><\/p>\n\n\n<p><img loading=\"lazy\" decoding=\"async\" class=\"alignleft  wp-image-1287\" src=\"https:\/\/web.graphisme.pro\/Servaville\/wp-content\/uploads\/2021\/03\/CNI.png\" alt=\"\" width=\"266\" height=\"178\" srcset=\"https:\/\/web.graphisme.pro\/Servaville\/wp-content\/uploads\/2021\/03\/CNI.png 235w, https:\/\/web.graphisme.pro\/Servaville\/wp-content\/uploads\/2021\/03\/CNI-140x94.png 140w\" sizes=\"(max-width: 266px) 100vw, 266px\" \/><\/p>\n\n\n<p>La nouvelle carte nationale d&rsquo;identit\u00e9 est au format carte bancaire (comme le nouveau permis de conduire). Elle comporte une puce \u00e9lectronique, hautement s\u00e9curis\u00e9e, contenant une photo du visage du titulaire et ses empreintes digitales. Elle est aussi \u00e9quip\u00e9e d&rsquo;un cachet \u00e9lectronique visuel (CEV) permettant une lecture automatique.  Entre le 15 mars et le 17 mai 2021, la nouvelle CNI sera d\u00e9ploy\u00e9e dans trois d\u00e9partements pilotes (Oise, Seine-Maritime et R\u00e9union), puis son d\u00e9ploiement sera progressivement g\u00e9n\u00e9ralis\u00e9 entre le 17 mai 2021 et le 28 juin 2021 sur l\u2019ensemble du territoire. <br>Cette nouvelle carte doit permettre de lutter contre la fraude et l&rsquo;usurpation d&rsquo;identit\u00e9.<\/p>\n\n\n\n<p>Pour demander une carte nationale d&rsquo;identit\u00e9, les pi\u00e8ces justificatives n\u00e9cessaires d\u00e9pendent de la situation : majeur ou mineur, premi\u00e8re demande ou renouvellement, possession (ou non) d&rsquo;un passeport&#8230; Les d\u00e9lais de fabrication d\u00e9pendent du lieu et de la p\u00e9riode. S&rsquo;il s&rsquo;agit d&rsquo;une nouvelle carte d&rsquo;identit\u00e9 (format carte bancaire), elle est valable 10 ans. <br>Vous pouvez pr\u00e9parer la d\u00e9marche en faisant une pr\u00e9-demande en ligne mais ce n&rsquo;est pas une obligation. Il faudra ensuite prendre rendez-vous et vous d\u00e9placer dans la mairie que vous aurez choisie pour finaliser la demande avec les pi\u00e8ces justificatives. Le guichet r\u00e9cup\u00e8rera vos donn\u00e9es gr\u00e2ce au num\u00e9ro de pr\u00e9-demande, v\u00e9rifiera vos pi\u00e8ces justificatives et prendra les empreintes.<br><em>Attention, votre pr\u00e9-demande doit \u00eatre valid\u00e9e en mairie dans un d\u00e9lai de 6 mois. Pass\u00e9 ce d\u00e9lai, la pr\u00e9-demande sera automatiquement supprim\u00e9e et vous devrez la recommencer.<\/em><\/p>\n\n\n\n<p class=\"has-text-align-center\"><strong><a href=\"https:\/\/www.service-public.fr\/particuliers\/vosdroits\/N358\" target=\"_blank\" rel=\"noreferrer noopener\">Pi\u00e8ces \u00e0 fournir et d\u00e9marches \u00e0 effectuer en fonction de votre situation personnelle.<\/a><\/strong><br><strong><br><a href=\"https:\/\/passeport.ants.gouv.fr\/Vos-demarches\/Realiser-une-pre-demande-de-carte-nationale-d-identite-CNI\" target=\"_blank\" rel=\"noreferrer noopener\">Effectuer une pr\u00e9-demande de Carte Nationale d&rsquo;Identit\u00e9 en ligne<\/a><\/strong><br><\/p>\n\n\n\n<div class=\"wp-block-group\"><div class=\"wp-block-group__inner-container is-layout-flow wp-block-group-is-layout-flow\">\n<p class=\"has-vivid-cyan-blue-color has-text-color has-large-font-size\"><strong>Passeport<\/strong><\/p>\n\n\n\n<p><img loading=\"lazy\" decoding=\"async\" class=\"alignleft  wp-image-1300\" src=\"https:\/\/web.graphisme.pro\/Servaville\/wp-content\/uploads\/2021\/03\/PSP-Img-passeport_large-225x300.jpg\" alt=\"\" width=\"153\" height=\"204\" srcset=\"https:\/\/web.graphisme.pro\/Servaville\/wp-content\/uploads\/2021\/03\/PSP-Img-passeport_large-225x300.jpg 225w, https:\/\/web.graphisme.pro\/Servaville\/wp-content\/uploads\/2021\/03\/PSP-Img-passeport_large-140x187.jpg 140w, https:\/\/web.graphisme.pro\/Servaville\/wp-content\/uploads\/2021\/03\/PSP-Img-passeport_large.jpg 330w\" sizes=\"(max-width: 153px) 100vw, 153px\" \/>Pour faire un passeport biom\u00e9trique, il faut le demander dans une mairie \u00e9quip\u00e9e avec les justificatifs n\u00e9cessaires. Les documents d\u00e9pendent de la situation : majeur ou mineur, premi\u00e8re demande ou renouvellement&#8230;. Dans tous les cas, il faut fournir une photo, un justificatif de domicile et un timbre fiscal. En France, il co\u00fbte\u00a0<span class=\"prix\">86\u00a0\u20ac<\/span> pour un majeur.<br \/>Le d\u00e9lai pour faire le passeport d\u00e9pend de la p\u00e9riode et du lieu. <br \/>Vous pouvez pr\u00e9parer la d\u00e9marche en faisant une pr\u00e9-demande en ligne mais ce n&rsquo;est pas une obligation. Il faudra ensuite prendre rendez-vous et vous d\u00e9placer dans la mairie que vous aurez choisie pour finaliser la demande avec les pi\u00e8ces justificatives. Le guichet r\u00e9cup\u00e8rera vos donn\u00e9es gr\u00e2ce au num\u00e9ro de pr\u00e9-demande, v\u00e9rifiera vos pi\u00e8ces justificatives et prendra les empreintes.<br \/><em>Attention, votre pr\u00e9-demande doit \u00eatre valid\u00e9e en mairie dans un d\u00e9lai de 6 mois. Pass\u00e9 ce d\u00e9lai, la pr\u00e9-demande sera automatiquement supprim\u00e9e et vous devrez la recommencer.<\/em><\/p>\n\n\n\n<p class=\"has-text-align-center\"><a href=\"https:\/\/www.service-public.fr\/particuliers\/vosdroits\/N360\" target=\"_blank\" rel=\"noreferrer noopener\"><strong>D\u00e9marches \u00e0 effectuer en fonction de votre situation personnelle<\/strong><\/a><br><br><a href=\"https:\/\/passeport.ants.gouv.fr\/Services-associes\/Realiser-une-pre-demande-de-passeport\" target=\"_blank\" rel=\"noreferrer noopener\">E<strong>ffectuer une pr\u00e9-demande de passeport en ligne<\/strong><\/a><\/p>\n<\/div><\/div>\n","protected":false},"excerpt":{"rendered":"<p>La mairie de Servaville-Salmonville n&rsquo;est plus habilit\u00e9e \u00e0 r\u00e9ceptionner les demandes de carte nationale d&rsquo;identit\u00e9 ou de passeport. Voir les communes habilit\u00e9es \u00e0 d\u00e9livrer une Carte d&rsquo;identit\u00e9 ou un passeport [&hellip;]<\/p>\n","protected":false},"author":1,"featured_media":0,"parent":0,"menu_order":0,"comment_status":"closed","ping_status":"closed","template":"","meta":{"_EventAllDay":false,"_EventTimezone":"","_EventStartDate":"","_EventEndDate":"","_EventStartDateUTC":"","_EventEndDateUTC":"","_EventShowMap":false,"_EventShowMapLink":false,"_EventURL":"","_EventCost":"","_EventCostDescription":"","_EventCurrencySymbol":"","_EventCurrencyCode":"","_EventCurrencyPosition":"","_EventDateTimeSeparator":"","_EventTimeRangeSeparator":"","_EventOrganizerID":[],"_EventVenueID":[],"_OrganizerEmail":"","_OrganizerPhone":"","_OrganizerWebsite":"","_VenueAddress":"","_VenueCity":"","_VenueCountry":"","_VenueProvince":"","_VenueState":"","_VenueZip":"","_VenuePhone":"","_VenueURL":"","_VenueStateProvince":"","_VenueLat":"","_VenueLng":"","_VenueShowMap":false,"_VenueShowMapLink":false,"footnotes":""},"yoast_head":"<!-- This site is optimized with the Yoast SEO plugin v22.6 - https:\/\/yoast.com\/wordpress\/plugins\/seo\/ -->\n<title>Carte d&#039;identit\u00e9 | Passeport - Mairie de Servaville-Salmonville<\/title>\n<meta name=\"robots\" content=\"index, follow, max-snippet:-1, max-image-preview:large, max-video-preview:-1\" \/>\n<link rel=\"canonical\" href=\"https:\/\/web.graphisme.pro\/Servaville\/carte-didentite-passeport\/\" \/>\n<meta property=\"og:locale\" content=\"fr_FR\" \/>\n<meta property=\"og:type\" content=\"article\" \/>\n<meta property=\"og:title\" content=\"Carte d&#039;identit\u00e9 | Passeport - Mairie de Servaville-Salmonville\" \/>\n<meta property=\"og:description\" content=\"La mairie de Servaville-Salmonville n&rsquo;est plus habilit\u00e9e \u00e0 r\u00e9ceptionner les demandes de carte nationale d&rsquo;identit\u00e9 ou de passeport. Voir les communes habilit\u00e9es \u00e0 d\u00e9livrer une Carte d&rsquo;identit\u00e9 ou un passeport [&hellip;]\" \/>\n<meta property=\"og:url\" content=\"https:\/\/web.graphisme.pro\/Servaville\/carte-didentite-passeport\/\" \/>\n<meta property=\"og:site_name\" content=\"Mairie de Servaville-Salmonville\" \/>\n<meta property=\"article:modified_time\" content=\"2021-03-26T09:03:44+00:00\" \/>\n<meta property=\"og:image\" content=\"https:\/\/web.graphisme.pro\/Servaville\/wp-content\/uploads\/2021\/03\/CNI.png\" \/>\n<meta name=\"twitter:card\" content=\"summary_large_image\" \/>\n<meta name=\"twitter:label1\" content=\"Dur\u00e9e de lecture estim\u00e9e\" \/>\n\t<meta name=\"twitter:data1\" content=\"3 minutes\" \/>\n<script type=\"application\/ld+json\" class=\"yoast-schema-graph\">{\"@context\":\"https:\/\/schema.org\",\"@graph\":[{\"@type\":\"WebPage\",\"@id\":\"https:\/\/web.graphisme.pro\/Servaville\/carte-didentite-passeport\/\",\"url\":\"https:\/\/web.graphisme.pro\/Servaville\/carte-didentite-passeport\/\",\"name\":\"Carte d'identit\u00e9 | Passeport - Mairie de Servaville-Salmonville\",\"isPartOf\":{\"@id\":\"https:\/\/web.graphisme.pro\/Servaville\/#website\"},\"primaryImageOfPage\":{\"@id\":\"https:\/\/web.graphisme.pro\/Servaville\/carte-didentite-passeport\/#primaryimage\"},\"image\":{\"@id\":\"https:\/\/web.graphisme.pro\/Servaville\/carte-didentite-passeport\/#primaryimage\"},\"thumbnailUrl\":\"https:\/\/web.graphisme.pro\/Servaville\/wp-content\/uploads\/2021\/03\/CNI.png\",\"datePublished\":\"2020-08-24T15:44:48+00:00\",\"dateModified\":\"2021-03-26T09:03:44+00:00\",\"breadcrumb\":{\"@id\":\"https:\/\/web.graphisme.pro\/Servaville\/carte-didentite-passeport\/#breadcrumb\"},\"inLanguage\":\"fr-FR\",\"potentialAction\":[{\"@type\":\"ReadAction\",\"target\":[\"https:\/\/web.graphisme.pro\/Servaville\/carte-didentite-passeport\/\"]}]},{\"@type\":\"ImageObject\",\"inLanguage\":\"fr-FR\",\"@id\":\"https:\/\/web.graphisme.pro\/Servaville\/carte-didentite-passeport\/#primaryimage\",\"url\":\"https:\/\/web.graphisme.pro\/Servaville\/wp-content\/uploads\/2021\/03\/CNI.png\",\"contentUrl\":\"https:\/\/web.graphisme.pro\/Servaville\/wp-content\/uploads\/2021\/03\/CNI.png\",\"width\":235,\"height\":157},{\"@type\":\"BreadcrumbList\",\"@id\":\"https:\/\/web.graphisme.pro\/Servaville\/carte-didentite-passeport\/#breadcrumb\",\"itemListElement\":[{\"@type\":\"ListItem\",\"position\":1,\"name\":\"Accueil\",\"item\":\"https:\/\/web.graphisme.pro\/Servaville\/\"},{\"@type\":\"ListItem\",\"position\":2,\"name\":\"Carte d&rsquo;identit\u00e9 | Passeport\"}]},{\"@type\":\"WebSite\",\"@id\":\"https:\/\/web.graphisme.pro\/Servaville\/#website\",\"url\":\"https:\/\/web.graphisme.pro\/Servaville\/\",\"name\":\"Mairie de Servaville-Salmonville\",\"description\":\"Seine-Maritime Normandie\",\"publisher\":{\"@id\":\"https:\/\/web.graphisme.pro\/Servaville\/#organization\"},\"potentialAction\":[{\"@type\":\"SearchAction\",\"target\":{\"@type\":\"EntryPoint\",\"urlTemplate\":\"https:\/\/web.graphisme.pro\/Servaville\/?s={search_term_string}\"},\"query-input\":\"required name=search_term_string\"}],\"inLanguage\":\"fr-FR\"},{\"@type\":\"Organization\",\"@id\":\"https:\/\/web.graphisme.pro\/Servaville\/#organization\",\"name\":\"Mairie de Servaville-Salmonville\",\"url\":\"https:\/\/web.graphisme.pro\/Servaville\/\",\"logo\":{\"@type\":\"ImageObject\",\"inLanguage\":\"fr-FR\",\"@id\":\"https:\/\/web.graphisme.pro\/Servaville\/#\/schema\/logo\/image\/\",\"url\":\"https:\/\/web.graphisme.pro\/Servaville\/wp-content\/uploads\/2020\/08\/servaville_logo-e1598278648383.png\",\"contentUrl\":\"https:\/\/web.graphisme.pro\/Servaville\/wp-content\/uploads\/2020\/08\/servaville_logo-e1598278648383.png\",\"width\":300,\"height\":236,\"caption\":\"Mairie de Servaville-Salmonville\"},\"image\":{\"@id\":\"https:\/\/web.graphisme.pro\/Servaville\/#\/schema\/logo\/image\/\"},\"sameAs\":[\"https:\/\/fr.wikipedia.org\/wiki\/Servaville-Salmonville\"]}]}<\/script>\n<!-- \/ Yoast SEO plugin. -->","yoast_head_json":{"title":"Carte d'identit\u00e9 | Passeport - Mairie de Servaville-Salmonville","robots":{"index":"index","follow":"follow","max-snippet":"max-snippet:-1","max-image-preview":"max-image-preview:large","max-video-preview":"max-video-preview:-1"},"canonical":"https:\/\/web.graphisme.pro\/Servaville\/carte-didentite-passeport\/","og_locale":"fr_FR","og_type":"article","og_title":"Carte d'identit\u00e9 | Passeport - Mairie de Servaville-Salmonville","og_description":"La mairie de Servaville-Salmonville n&rsquo;est plus habilit\u00e9e \u00e0 r\u00e9ceptionner les demandes de carte nationale d&rsquo;identit\u00e9 ou de passeport. Voir les communes habilit\u00e9es \u00e0 d\u00e9livrer une Carte d&rsquo;identit\u00e9 ou un passeport [&hellip;]","og_url":"https:\/\/web.graphisme.pro\/Servaville\/carte-didentite-passeport\/","og_site_name":"Mairie de Servaville-Salmonville","article_modified_time":"2021-03-26T09:03:44+00:00","og_image":[{"url":"https:\/\/web.graphisme.pro\/Servaville\/wp-content\/uploads\/2021\/03\/CNI.png"}],"twitter_card":"summary_large_image","twitter_misc":{"Dur\u00e9e de lecture estim\u00e9e":"3 minutes"},"schema":{"@context":"https:\/\/schema.org","@graph":[{"@type":"WebPage","@id":"https:\/\/web.graphisme.pro\/Servaville\/carte-didentite-passeport\/","url":"https:\/\/web.graphisme.pro\/Servaville\/carte-didentite-passeport\/","name":"Carte d'identit\u00e9 | Passeport - Mairie de Servaville-Salmonville","isPartOf":{"@id":"https:\/\/web.graphisme.pro\/Servaville\/#website"},"primaryImageOfPage":{"@id":"https:\/\/web.graphisme.pro\/Servaville\/carte-didentite-passeport\/#primaryimage"},"image":{"@id":"https:\/\/web.graphisme.pro\/Servaville\/carte-didentite-passeport\/#primaryimage"},"thumbnailUrl":"https:\/\/web.graphisme.pro\/Servaville\/wp-content\/uploads\/2021\/03\/CNI.png","datePublished":"2020-08-24T15:44:48+00:00","dateModified":"2021-03-26T09:03:44+00:00","breadcrumb":{"@id":"https:\/\/web.graphisme.pro\/Servaville\/carte-didentite-passeport\/#breadcrumb"},"inLanguage":"fr-FR","potentialAction":[{"@type":"ReadAction","target":["https:\/\/web.graphisme.pro\/Servaville\/carte-didentite-passeport\/"]}]},{"@type":"ImageObject","inLanguage":"fr-FR","@id":"https:\/\/web.graphisme.pro\/Servaville\/carte-didentite-passeport\/#primaryimage","url":"https:\/\/web.graphisme.pro\/Servaville\/wp-content\/uploads\/2021\/03\/CNI.png","contentUrl":"https:\/\/web.graphisme.pro\/Servaville\/wp-content\/uploads\/2021\/03\/CNI.png","width":235,"height":157},{"@type":"BreadcrumbList","@id":"https:\/\/web.graphisme.pro\/Servaville\/carte-didentite-passeport\/#breadcrumb","itemListElement":[{"@type":"ListItem","position":1,"name":"Accueil","item":"https:\/\/web.graphisme.pro\/Servaville\/"},{"@type":"ListItem","position":2,"name":"Carte d&rsquo;identit\u00e9 | Passeport"}]},{"@type":"WebSite","@id":"https:\/\/web.graphisme.pro\/Servaville\/#website","url":"https:\/\/web.graphisme.pro\/Servaville\/","name":"Mairie de Servaville-Salmonville","description":"Seine-Maritime Normandie","publisher":{"@id":"https:\/\/web.graphisme.pro\/Servaville\/#organization"},"potentialAction":[{"@type":"SearchAction","target":{"@type":"EntryPoint","urlTemplate":"https:\/\/web.graphisme.pro\/Servaville\/?s={search_term_string}"},"query-input":"required name=search_term_string"}],"inLanguage":"fr-FR"},{"@type":"Organization","@id":"https:\/\/web.graphisme.pro\/Servaville\/#organization","name":"Mairie de Servaville-Salmonville","url":"https:\/\/web.graphisme.pro\/Servaville\/","logo":{"@type":"ImageObject","inLanguage":"fr-FR","@id":"https:\/\/web.graphisme.pro\/Servaville\/#\/schema\/logo\/image\/","url":"https:\/\/web.graphisme.pro\/Servaville\/wp-content\/uploads\/2020\/08\/servaville_logo-e1598278648383.png","contentUrl":"https:\/\/web.graphisme.pro\/Servaville\/wp-content\/uploads\/2020\/08\/servaville_logo-e1598278648383.png","width":300,"height":236,"caption":"Mairie de Servaville-Salmonville"},"image":{"@id":"https:\/\/web.graphisme.pro\/Servaville\/#\/schema\/logo\/image\/"},"sameAs":["https:\/\/fr.wikipedia.org\/wiki\/Servaville-Salmonville"]}]}},"_links":{"self":[{"href":"https:\/\/web.graphisme.pro\/Servaville\/wp-json\/wp\/v2\/pages\/135"}],"collection":[{"href":"https:\/\/web.graphisme.pro\/Servaville\/wp-json\/wp\/v2\/pages"}],"about":[{"href":"https:\/\/web.graphisme.pro\/Servaville\/wp-json\/wp\/v2\/types\/page"}],"author":[{"embeddable":true,"href":"https:\/\/web.graphisme.pro\/Servaville\/wp-json\/wp\/v2\/users\/1"}],"replies":[{"embeddable":true,"href":"https:\/\/web.graphisme.pro\/Servaville\/wp-json\/wp\/v2\/comments?post=135"}],"version-history":[{"count":34,"href":"https:\/\/web.graphisme.pro\/Servaville\/wp-json\/wp\/v2\/pages\/135\/revisions"}],"predecessor-version":[{"id":1303,"href":"https:\/\/web.graphisme.pro\/Servaville\/wp-json\/wp\/v2\/pages\/135\/revisions\/1303"}],"wp:attachment":[{"href":"https:\/\/web.graphisme.pro\/Servaville\/wp-json\/wp\/v2\/media?parent=135"}],"curies":[{"name":"wp","href":"https:\/\/api.w.org\/{rel}","templated":true}]}}