{"id":128,"date":"2020-08-24T16:39:30","date_gmt":"2020-08-24T14:39:30","guid":{"rendered":"https:\/\/web.graphisme.pro\/Servaville\/?page_id=128"},"modified":"2020-11-29T18:16:11","modified_gmt":"2020-11-29T17:16:11","slug":"vie-economique","status":"publish","type":"page","link":"https:\/\/web.graphisme.pro\/Servaville\/vie-economique\/","title":{"rendered":"Entreprises &#038; commerces"},"content":{"rendered":"\n<table id=\"tablepress-Entreprises\" class=\"tablepress tablepress-id-Entreprises\">\n<thead>\n<tr class=\"row-1 odd\">\n\t<th class=\"column-1\"><\/th><th class=\"column-2\"><code><strong>D\u00e9signation<\/strong><\/th><th class=\"column-3\"><strong>Activit\u00e9<\/strong><\/th><th class=\"column-4\"><strong>Responsable<\/strong><\/th><th class=\"column-5\"><strong>Adresse postale<\/strong><\/th><th class=\"column-6\"><strong>Coordonn\u00e9es<\/strong><\/th>\n<\/tr>\n<\/thead>\n<tbody class=\"row-hover\">\n<tr class=\"row-2 even\">\n\t<td class=\"column-1\"><img loading=\"lazy\" decoding=\"async\" src=\"https:\/\/web.graphisme.pro\/Servaville\/wp-content\/uploads\/2020\/11\/Gluk-logo.png\" alt=\"\" width=\"225\" height=\"225\" class=\"alignnone size-full wp-image-935\" srcset=\"https:\/\/web.graphisme.pro\/Servaville\/wp-content\/uploads\/2020\/11\/Gluk-logo.png 225w, https:\/\/web.graphisme.pro\/Servaville\/wp-content\/uploads\/2020\/11\/Gluk-logo-150x150.png 150w, https:\/\/web.graphisme.pro\/Servaville\/wp-content\/uploads\/2020\/11\/Gluk-logo-140x140.png 140w\" sizes=\"(max-width: 225px) 100vw, 225px\" \/><\/td><td class=\"column-2\"><a href=\"http:\/\/www.jg-domotique.fr\/\" rel=\"noopener noreferrer\" target=\"_blank\"><strong>Julien GL\u00dcCK Domotique<\/strong><\/a><\/td><td class=\"column-3\">Electricit\u00e9 g\u00e9n\u00e9rale, <br \/>\nDomotique et automatisation de l'habitat<\/td><td class=\"column-4\">Julien GL\u00dcCK <\/td><td class=\"column-5\">202 All\u00e9e des champs <br \/>\n76116 Servaville-Salmonville<\/td><td class=\"column-6\">06 19 93 27 21  <br \/>\ncontact@jg-domotique.fr<br \/>\nhttp:\/\/www.jg-domotique.fr<\/td>\n<\/tr>\n<tr class=\"row-3 odd\">\n\t<td class=\"column-1\"><img loading=\"lazy\" decoding=\"async\" src=\"https:\/\/web.graphisme.pro\/Servaville\/wp-content\/uploads\/2020\/11\/Devis-logo-300x273.jpg\" alt=\"\" width=\"300\" height=\"273\" class=\"alignnone size-medium wp-image-938\" srcset=\"https:\/\/web.graphisme.pro\/Servaville\/wp-content\/uploads\/2020\/11\/Devis-logo-300x273.jpg 300w, https:\/\/web.graphisme.pro\/Servaville\/wp-content\/uploads\/2020\/11\/Devis-logo-768x700.jpg 768w, https:\/\/web.graphisme.pro\/Servaville\/wp-content\/uploads\/2020\/11\/Devis-logo-140x128.jpg 140w, https:\/\/web.graphisme.pro\/Servaville\/wp-content\/uploads\/2020\/11\/Devis-logo.jpg 972w\" sizes=\"(max-width: 300px) 100vw, 300px\" \/><\/td><td class=\"column-2\"><strong>Nicolas Devis<\/strong><\/td><td class=\"column-3\">Plomberie, chauffage,<br \/>\n \u00e9nergie renouvelable<\/td><td class=\"column-4\">Nicolas Devis<\/td><td class=\"column-5\">1163, rue des Rougemonts<br \/>\n76116 Servaville-Salmonville<\/td><td class=\"column-6\">02 35 32 41 15<br \/>\n06 59 92 05 14<br \/>\nndevis@orange.fr<\/td>\n<\/tr>\n<tr class=\"row-4 even\">\n\t<td class=\"column-1\"><img loading=\"lazy\" decoding=\"async\" src=\"https:\/\/web.graphisme.pro\/Servaville\/wp-content\/uploads\/2020\/11\/Ambiance-sud-architecte-logo.jpg\" alt=\"\" width=\"200\" height=\"162\" class=\"alignnone size-full wp-image-940\" srcset=\"https:\/\/web.graphisme.pro\/Servaville\/wp-content\/uploads\/2020\/11\/Ambiance-sud-architecte-logo.jpg 200w, https:\/\/web.graphisme.pro\/Servaville\/wp-content\/uploads\/2020\/11\/Ambiance-sud-architecte-logo-140x113.jpg 140w\" sizes=\"(max-width: 200px) 100vw, 200px\" \/><\/td><td class=\"column-2\"><a href=\"https:\/\/www.le-site-de.com\/ambiance-sud-architecte-servaville-salmonville_34925.html\" rel=\"noopener noreferrer\" target=\"_blank\"><strong>AmbianceSUD ARCHITECTE<\/strong><\/a><\/td><td class=\"column-3\">Architecte D.P.L.G<\/td><td class=\"column-4\">St\u00e9phanie ENOU<\/td><td class=\"column-5\">390 rue de l'Ancienne Abbaye<br \/>\n76116 Servaville-Salmonville<\/td><td class=\"column-6\">02 32 80 30 16<br \/>\n06 09 81 77 41<br \/>\nambiancesud@aol.com<\/td>\n<\/tr>\n<tr class=\"row-5 odd\">\n\t<td class=\"column-1\"><img loading=\"lazy\" decoding=\"async\" src=\"https:\/\/web.graphisme.pro\/Servaville\/wp-content\/uploads\/2021\/10\/Logo-GD-Auto-Services.jpg\" alt=\"\" width=\"219\" height=\"230\" class=\"alignnone size-full wp-image-941\" \/><\/td><td class=\"column-2\"><a href=\"https:\/\/www.facebook.com\/GD-auto-services-112516781197128\" rel=\"noopener noreferrer\" target=\"_blank\"><strong>GD Auto Services<\/strong><\/td><td class=\"column-3\">Garage Automobiles<\/td><td class=\"column-4\"><\/td><td class=\"column-5\">656, Chemin Vert<br \/>\n76116 Servaville-Salmonville<\/td><td class=\"column-6\">02 35 23 27 24<br \/>\n06 61 41 84 46<br \/>\ngdautoservices@outlook.fr<\/td>\n<\/tr>\n<tr class=\"row-6 even\">\n\t<td class=\"column-1\"><img loading=\"lazy\" decoding=\"async\" src=\"https:\/\/web.graphisme.pro\/Servaville\/wp-content\/uploads\/2020\/11\/moussauto.png\" alt=\"\" width=\"225\" height=\"225\" class=\"alignnone size-full wp-image-942\" srcset=\"https:\/\/web.graphisme.pro\/Servaville\/wp-content\/uploads\/2020\/11\/moussauto.png 225w, https:\/\/web.graphisme.pro\/Servaville\/wp-content\/uploads\/2020\/11\/moussauto-150x150.png 150w, https:\/\/web.graphisme.pro\/Servaville\/wp-content\/uploads\/2020\/11\/moussauto-140x140.png 140w\" sizes=\"(max-width: 225px) 100vw, 225px\" \/><\/td><td class=\"column-2\"><strong>Lavage MOUSS'AUTO<\/strong><\/td><td class=\"column-3\">Station de lavage auto<\/td><td class=\"column-4\"><\/td><td class=\"column-5\">576 route Nationale 31<br \/>\nParking du Relais 31<br \/>\n76116 Servaville-Salmonville<\/td><td class=\"column-6\"><\/td>\n<\/tr>\n<tr class=\"row-7 odd\">\n\t<td class=\"column-1\"><img loading=\"lazy\" decoding=\"async\" src=\"https:\/\/web.graphisme.pro\/Servaville\/wp-content\/uploads\/2020\/11\/apiculteur-logo.jpeg\" alt=\"\" width=\"236\" height=\"177\" class=\"alignnone size-full wp-image-943\" srcset=\"https:\/\/web.graphisme.pro\/Servaville\/wp-content\/uploads\/2020\/11\/apiculteur-logo.jpeg 236w, https:\/\/web.graphisme.pro\/Servaville\/wp-content\/uploads\/2020\/11\/apiculteur-logo-140x105.jpeg 140w\" sizes=\"(max-width: 236px) 100vw, 236px\" \/><\/td><td class=\"column-2\"><strong>Apiculteur<\/strong><\/td><td class=\"column-3\">Recueil des essaims d'abeilles<\/td><td class=\"column-4\">Olivier NAVE<\/td><td class=\"column-5\">Servaville-Salmonville<\/td><td class=\"column-6\">06 79 75 78 46<\/td>\n<\/tr>\n<tr class=\"row-8 even\">\n\t<td class=\"column-1\"><img loading=\"lazy\" decoding=\"async\" src=\"https:\/\/web.graphisme.pro\/Servaville\/wp-content\/uploads\/2022\/09\/pause-beaute-300x277.jpg\" alt=\"\" width=\"300\" height=\"277\" class=\"alignleft size-medium wp-image-1918\" srcset=\"https:\/\/web.graphisme.pro\/Servaville\/wp-content\/uploads\/2022\/09\/pause-beaute-300x277.jpg 300w, https:\/\/web.graphisme.pro\/Servaville\/wp-content\/uploads\/2022\/09\/pause-beaute-140x129.jpg 140w, https:\/\/web.graphisme.pro\/Servaville\/wp-content\/uploads\/2022\/09\/pause-beaute.jpg 519w\" sizes=\"(max-width: 300px) 100vw, 300px\" \/><\/td><td class=\"column-2\"><a href=\"http:\/\/www.lapausebeaute.com\" rel=\"noopener\" target=\"_blank\"><strong>Pause Beaut\u00e9<\/strong><\/a><\/td><td class=\"column-3\">Proth\u00e9siste ongulaire et esth\u00e9ticienne \u00e0 domicile.<\/td><td class=\"column-4\">Lisa Fonteneau<\/td><td class=\"column-5\">Servaville-Salmonville<\/td><td class=\"column-6\">06 77 66 33 44<\/td>\n<\/tr>\n<tr class=\"row-9 odd\">\n\t<td class=\"column-1\"><\/td><td class=\"column-2\">SDI 76<\/td><td class=\"column-3\">Soci\u00e9t\u00e9 de destruction d'insectes<\/td><td class=\"column-4\"><\/td><td class=\"column-5\">Servaville-Salmonville<\/td><td class=\"column-6\">06 67 42 50 54<br \/>\n06 50 72 13 34<\/td>\n<\/tr>\n<\/tbody>\n<\/table>\n<!-- #tablepress-Entreprises from cache -->\n\n\n\n<p><\/p>\n","protected":false},"excerpt":{"rendered":"","protected":false},"author":1,"featured_media":0,"parent":0,"menu_order":0,"comment_status":"closed","ping_status":"closed","template":"","meta":{"_EventAllDay":false,"_EventTimezone":"","_EventStartDate":"","_EventEndDate":"","_EventStartDateUTC":"","_EventEndDateUTC":"","_EventShowMap":false,"_EventShowMapLink":false,"_EventURL":"","_EventCost":"","_EventCostDescription":"","_EventCurrencySymbol":"","_EventCurrencyCode":"","_EventCurrencyPosition":"","_EventDateTimeSeparator":"","_EventTimeRangeSeparator":"","_EventOrganizerID":[],"_EventVenueID":[],"_OrganizerEmail":"","_OrganizerPhone":"","_OrganizerWebsite":"","_VenueAddress":"","_VenueCity":"","_VenueCountry":"","_VenueProvince":"","_VenueState":"","_VenueZip":"","_VenuePhone":"","_VenueURL":"","_VenueStateProvince":"","_VenueLat":"","_VenueLng":"","_VenueShowMap":false,"_VenueShowMapLink":false,"footnotes":""},"yoast_head":"<!-- This site is optimized with the Yoast SEO plugin v22.6 - https:\/\/yoast.com\/wordpress\/plugins\/seo\/ -->\n<title>Entreprises &amp; commerces - Mairie de Servaville-Salmonville<\/title>\n<meta name=\"robots\" content=\"index, follow, max-snippet:-1, max-image-preview:large, max-video-preview:-1\" \/>\n<link rel=\"canonical\" href=\"https:\/\/web.graphisme.pro\/Servaville\/vie-economique\/\" \/>\n<meta property=\"og:locale\" content=\"fr_FR\" \/>\n<meta property=\"og:type\" content=\"article\" \/>\n<meta property=\"og:title\" content=\"Entreprises &amp; commerces - Mairie de Servaville-Salmonville\" \/>\n<meta property=\"og:url\" content=\"https:\/\/web.graphisme.pro\/Servaville\/vie-economique\/\" \/>\n<meta property=\"og:site_name\" content=\"Mairie de Servaville-Salmonville\" \/>\n<meta property=\"article:modified_time\" content=\"2020-11-29T17:16:11+00:00\" \/>\n<meta name=\"twitter:card\" content=\"summary_large_image\" \/>\n<script type=\"application\/ld+json\" class=\"yoast-schema-graph\">{\"@context\":\"https:\/\/schema.org\",\"@graph\":[{\"@type\":\"WebPage\",\"@id\":\"https:\/\/web.graphisme.pro\/Servaville\/vie-economique\/\",\"url\":\"https:\/\/web.graphisme.pro\/Servaville\/vie-economique\/\",\"name\":\"Entreprises & commerces - Mairie de Servaville-Salmonville\",\"isPartOf\":{\"@id\":\"https:\/\/web.graphisme.pro\/Servaville\/#website\"},\"datePublished\":\"2020-08-24T14:39:30+00:00\",\"dateModified\":\"2020-11-29T17:16:11+00:00\",\"breadcrumb\":{\"@id\":\"https:\/\/web.graphisme.pro\/Servaville\/vie-economique\/#breadcrumb\"},\"inLanguage\":\"fr-FR\",\"potentialAction\":[{\"@type\":\"ReadAction\",\"target\":[\"https:\/\/web.graphisme.pro\/Servaville\/vie-economique\/\"]}]},{\"@type\":\"BreadcrumbList\",\"@id\":\"https:\/\/web.graphisme.pro\/Servaville\/vie-economique\/#breadcrumb\",\"itemListElement\":[{\"@type\":\"ListItem\",\"position\":1,\"name\":\"Accueil\",\"item\":\"https:\/\/web.graphisme.pro\/Servaville\/\"},{\"@type\":\"ListItem\",\"position\":2,\"name\":\"Entreprises &#038; commerces\"}]},{\"@type\":\"WebSite\",\"@id\":\"https:\/\/web.graphisme.pro\/Servaville\/#website\",\"url\":\"https:\/\/web.graphisme.pro\/Servaville\/\",\"name\":\"Mairie de Servaville-Salmonville\",\"description\":\"Seine-Maritime Normandie\",\"publisher\":{\"@id\":\"https:\/\/web.graphisme.pro\/Servaville\/#organization\"},\"potentialAction\":[{\"@type\":\"SearchAction\",\"target\":{\"@type\":\"EntryPoint\",\"urlTemplate\":\"https:\/\/web.graphisme.pro\/Servaville\/?s={search_term_string}\"},\"query-input\":\"required name=search_term_string\"}],\"inLanguage\":\"fr-FR\"},{\"@type\":\"Organization\",\"@id\":\"https:\/\/web.graphisme.pro\/Servaville\/#organization\",\"name\":\"Mairie de Servaville-Salmonville\",\"url\":\"https:\/\/web.graphisme.pro\/Servaville\/\",\"logo\":{\"@type\":\"ImageObject\",\"inLanguage\":\"fr-FR\",\"@id\":\"https:\/\/web.graphisme.pro\/Servaville\/#\/schema\/logo\/image\/\",\"url\":\"https:\/\/web.graphisme.pro\/Servaville\/wp-content\/uploads\/2020\/08\/servaville_logo-e1598278648383.png\",\"contentUrl\":\"https:\/\/web.graphisme.pro\/Servaville\/wp-content\/uploads\/2020\/08\/servaville_logo-e1598278648383.png\",\"width\":300,\"height\":236,\"caption\":\"Mairie de Servaville-Salmonville\"},\"image\":{\"@id\":\"https:\/\/web.graphisme.pro\/Servaville\/#\/schema\/logo\/image\/\"},\"sameAs\":[\"https:\/\/fr.wikipedia.org\/wiki\/Servaville-Salmonville\"]}]}<\/script>\n<!-- \/ Yoast SEO plugin. -->","yoast_head_json":{"title":"Entreprises & commerces - Mairie de Servaville-Salmonville","robots":{"index":"index","follow":"follow","max-snippet":"max-snippet:-1","max-image-preview":"max-image-preview:large","max-video-preview":"max-video-preview:-1"},"canonical":"https:\/\/web.graphisme.pro\/Servaville\/vie-economique\/","og_locale":"fr_FR","og_type":"article","og_title":"Entreprises & commerces - Mairie de Servaville-Salmonville","og_url":"https:\/\/web.graphisme.pro\/Servaville\/vie-economique\/","og_site_name":"Mairie de Servaville-Salmonville","article_modified_time":"2020-11-29T17:16:11+00:00","twitter_card":"summary_large_image","schema":{"@context":"https:\/\/schema.org","@graph":[{"@type":"WebPage","@id":"https:\/\/web.graphisme.pro\/Servaville\/vie-economique\/","url":"https:\/\/web.graphisme.pro\/Servaville\/vie-economique\/","name":"Entreprises & commerces - Mairie de Servaville-Salmonville","isPartOf":{"@id":"https:\/\/web.graphisme.pro\/Servaville\/#website"},"datePublished":"2020-08-24T14:39:30+00:00","dateModified":"2020-11-29T17:16:11+00:00","breadcrumb":{"@id":"https:\/\/web.graphisme.pro\/Servaville\/vie-economique\/#breadcrumb"},"inLanguage":"fr-FR","potentialAction":[{"@type":"ReadAction","target":["https:\/\/web.graphisme.pro\/Servaville\/vie-economique\/"]}]},{"@type":"BreadcrumbList","@id":"https:\/\/web.graphisme.pro\/Servaville\/vie-economique\/#breadcrumb","itemListElement":[{"@type":"ListItem","position":1,"name":"Accueil","item":"https:\/\/web.graphisme.pro\/Servaville\/"},{"@type":"ListItem","position":2,"name":"Entreprises &#038; commerces"}]},{"@type":"WebSite","@id":"https:\/\/web.graphisme.pro\/Servaville\/#website","url":"https:\/\/web.graphisme.pro\/Servaville\/","name":"Mairie de Servaville-Salmonville","description":"Seine-Maritime Normandie","publisher":{"@id":"https:\/\/web.graphisme.pro\/Servaville\/#organization"},"potentialAction":[{"@type":"SearchAction","target":{"@type":"EntryPoint","urlTemplate":"https:\/\/web.graphisme.pro\/Servaville\/?s={search_term_string}"},"query-input":"required name=search_term_string"}],"inLanguage":"fr-FR"},{"@type":"Organization","@id":"https:\/\/web.graphisme.pro\/Servaville\/#organization","name":"Mairie de Servaville-Salmonville","url":"https:\/\/web.graphisme.pro\/Servaville\/","logo":{"@type":"ImageObject","inLanguage":"fr-FR","@id":"https:\/\/web.graphisme.pro\/Servaville\/#\/schema\/logo\/image\/","url":"https:\/\/web.graphisme.pro\/Servaville\/wp-content\/uploads\/2020\/08\/servaville_logo-e1598278648383.png","contentUrl":"https:\/\/web.graphisme.pro\/Servaville\/wp-content\/uploads\/2020\/08\/servaville_logo-e1598278648383.png","width":300,"height":236,"caption":"Mairie de Servaville-Salmonville"},"image":{"@id":"https:\/\/web.graphisme.pro\/Servaville\/#\/schema\/logo\/image\/"},"sameAs":["https:\/\/fr.wikipedia.org\/wiki\/Servaville-Salmonville"]}]}},"_links":{"self":[{"href":"https:\/\/web.graphisme.pro\/Servaville\/wp-json\/wp\/v2\/pages\/128"}],"collection":[{"href":"https:\/\/web.graphisme.pro\/Servaville\/wp-json\/wp\/v2\/pages"}],"about":[{"href":"https:\/\/web.graphisme.pro\/Servaville\/wp-json\/wp\/v2\/types\/page"}],"author":[{"embeddable":true,"href":"https:\/\/web.graphisme.pro\/Servaville\/wp-json\/wp\/v2\/users\/1"}],"replies":[{"embeddable":true,"href":"https:\/\/web.graphisme.pro\/Servaville\/wp-json\/wp\/v2\/comments?post=128"}],"version-history":[{"count":4,"href":"https:\/\/web.graphisme.pro\/Servaville\/wp-json\/wp\/v2\/pages\/128\/revisions"}],"predecessor-version":[{"id":1110,"href":"https:\/\/web.graphisme.pro\/Servaville\/wp-json\/wp\/v2\/pages\/128\/revisions\/1110"}],"wp:attachment":[{"href":"https:\/\/web.graphisme.pro\/Servaville\/wp-json\/wp\/v2\/media?parent=128"}],"curies":[{"name":"wp","href":"https:\/\/api.w.org\/{rel}","templated":true}]}}